{"id":247954,"date":"2023-06-22T10:40:06","date_gmt":"2023-06-22T08:40:06","guid":{"rendered":"https:\/\/www.autolift.info\/o-firmie\/team\/"},"modified":"2025-06-02T11:29:44","modified_gmt":"2025-06-02T09:29:44","slug":"team","status":"publish","type":"page","link":"https:\/\/www.autolift.info\/pl\/o-firmie\/team\/","title":{"rendered":"Team"},"content":{"rendered":"<p>[et_pb_section fb_built=&#8221;1&#8243; _builder_version=&#8221;4.19.4&#8243; _module_preset=&#8221;default&#8221; background_color=&#8221;#ECECEC&#8221; background_image=&#8221;https:\/\/www.autolift.info\/wp-content\/uploads\/2023\/01\/Gruppenfoto_b.jpg&#8221; background_position=&#8221;center_left&#8221; height=&#8221;600px&#8221; custom_padding=&#8221;0px||0px||true|false&#8221; locked=&#8221;off&#8221; global_colors_info=&#8221;{%22gcid-1e316c67-09f0-49b6-a876-cbbe87afea32%22:%91%93}&#8221;][\/et_pb_section][et_pb_section fb_built=&#8221;1&#8243; _builder_version=&#8221;4.16&#8243; _module_preset=&#8221;default&#8221; background_color=&#8221;RGBA(0,0,0,0)&#8221; custom_padding=&#8221;0px||||false|false&#8221; locked=&#8221;off&#8221; global_colors_info=&#8221;{}&#8221;][et_pb_row use_custom_gutter=&#8221;on&#8221; gutter_width=&#8221;1&#8243; _builder_version=&#8221;4.16&#8243; _module_preset=&#8221;default&#8221; background_color=&#8221;#FFFFFF&#8221; module_alignment=&#8221;center&#8221; min_height=&#8221;114px&#8221; custom_margin=&#8221;-90px||||false|false&#8221; custom_padding=&#8221;0px||||false|true&#8221; animation_direction=&#8221;bottom&#8221; custom_css_main_element=&#8221;z-index:10;&#8221; global_colors_info=&#8221;{}&#8221;][et_pb_column type=&#8221;4_4&#8243; _builder_version=&#8221;4.16&#8243; _module_preset=&#8221;default&#8221; global_colors_info=&#8221;{}&#8221;][et_pb_text admin_label=&#8221;UNSER VERTRIEBS- UND SERVICE TEAM&#8221; module_class=&#8221;ime-pattern-rot&#8221; _builder_version=&#8221;4.16&#8243; _module_preset=&#8221;default&#8221; text_font=&#8221;||||||||&#8221; header_font=&#8221;||||||||&#8221; header_text_color=&#8221;gcid-01af1b29-4bf7-44fe-a473-50909a3a5b27&#8243; header_2_font=&#8221;|800||on|||||&#8221; header_2_text_color=&#8221;gcid-4ebc9de5-e061-4b45-94a8-080fa0de0610&#8243; header_2_font_size=&#8221;40px&#8221; header_3_font=&#8221;|700||on|||||&#8221; header_3_font_size=&#8221;40px&#8221; background_size=&#8221;initial&#8221; background_repeat=&#8221;repeat&#8221; background_blend=&#8221;difference&#8221; custom_padding=&#8221;25px||15px|30px|false|false&#8221; header_2_font_size_tablet=&#8221;30px&#8221; header_2_font_size_phone=&#8221;24px&#8221; header_2_font_size_last_edited=&#8221;on|desktop&#8221; global_colors_info=&#8221;{%22gcid-7df05597-327a-4e7a-9bc4-7a2456ed480c%22:%91%93,%22gcid-01af1b29-4bf7-44fe-a473-50909a3a5b27%22:%91%22header_text_color%22%93,%22gcid-4ebc9de5-e061-4b45-94a8-080fa0de0610%22:%91%22header_2_text_color%22%93,%22gcid-07156617-efbb-4c8c-80ba-1d2279245b1d%22:%91%93}&#8221;]<\/p>\n<h2>NASZ ZESP\u00d3\u0141 SPRZEDA\u017bY I SERWISU<\/h2>\n<p>[\/et_pb_text][\/et_pb_column][\/et_pb_row][et_pb_row column_structure=&#8221;1_4,1_4,1_4,1_4&#8243; use_custom_gutter=&#8221;on&#8221; gutter_width=&#8221;2&#8243; make_equal=&#8221;on&#8221; _builder_version=&#8221;4.16&#8243; _module_preset=&#8221;default&#8221; background_color=&#8221;#FFFFFF&#8221; custom_margin=&#8221;||||false|true&#8221; custom_padding=&#8221;|30px||30px|false|true&#8221; locked=&#8221;off&#8221; global_colors_info=&#8221;{}&#8221;][et_pb_column type=&#8221;1_4&#8243; _builder_version=&#8221;4.16&#8243; _module_preset=&#8221;default&#8221; global_colors_info=&#8221;{}&#8221;][et_pb_team_member name=&#8221;Dipl.- Kfm. Ing. Johannes Nestel- Eichhausen&#8221; position=&#8221;Dyrektor zarz\u0105dzaj\u0105cy&#8221; image_url=&#8221;https:\/\/www.autolift.info\/wp-content\/uploads\/2023\/01\/Johannes-Eichhausen_b.jpg&#8221; admin_label=&#8221;Dipl.- Kfm. Ing. Johannes Nestel- Eichhausen&#8221; _builder_version=&#8221;4.19.4&#8243; _module_preset=&#8221;default&#8221; header_text_color=&#8221;gcid-4ebc9de5-e061-4b45-94a8-080fa0de0610&#8243; text_orientation=&#8221;center&#8221; custom_margin=&#8221;||40px||false|false&#8221; global_colors_info=&#8221;{%22gcid-4ebc9de5-e061-4b45-94a8-080fa0de0610%22:%91%22header_text_color%22%93}&#8221;]+43 662 450588 0<br \/>\nj.eichhausen@autolift.info<br \/>\nSalzburg[\/et_pb_team_member][\/et_pb_column][et_pb_column type=&#8221;1_4&#8243; _builder_version=&#8221;4.16&#8243; _module_preset=&#8221;default&#8221; global_colors_info=&#8221;{}&#8221;][et_pb_team_member name=&#8221;Oliver Weinberger&#8221; position=&#8221;Kierownik sprzeda\u017cy \/  upowa\u017cniony sygnatariusz&#8221; image_url=&#8221;https:\/\/www.autolift.info\/wp-content\/uploads\/2023\/01\/Oliver-Weinberger_b.jpg&#8221; admin_label=&#8221;Oliver Weinberger&#8221; module_class=&#8221;ime-team&#8221; _builder_version=&#8221;4.19.4&#8243; _module_preset=&#8221;default&#8221; header_text_color=&#8221;gcid-4ebc9de5-e061-4b45-94a8-080fa0de0610&#8243; text_orientation=&#8221;center&#8221; custom_margin=&#8221;||40px||false|false&#8221; global_colors_info=&#8221;{%22gcid-4ebc9de5-e061-4b45-94a8-080fa0de0610%22:%91%22header_text_color%22%93}&#8221;]+43 662 450588 500<br \/>\no.weinberger@autolift.info<br \/>\nSalzburg[\/et_pb_team_member][\/et_pb_column][et_pb_column type=&#8221;1_4&#8243; _builder_version=&#8221;4.16&#8243; _module_preset=&#8221;default&#8221; global_colors_info=&#8221;{}&#8221;][et_pb_team_member name=&#8221;Ing. Harald Robitschko &#8221; position=&#8221;Zarz\u0105dzanie projektami \/  zarz\u0105dzanie jako\u015bci\u0105&#8221; image_url=&#8221;https:\/\/www.autolift.info\/wp-content\/uploads\/2023\/01\/Harald-Robitschko_b.jpg&#8221; admin_label=&#8221;Ing. Harald Robitschko&#8221; _builder_version=&#8221;4.24.3&#8243; _module_preset=&#8221;default&#8221; header_text_color=&#8221;gcid-4ebc9de5-e061-4b45-94a8-080fa0de0610&#8243; text_orientation=&#8221;center&#8221; custom_margin=&#8221;||40px||false|false&#8221; global_colors_info=&#8221;{%22gcid-4ebc9de5-e061-4b45-94a8-080fa0de0610%22:%91%22header_text_color%22%93}&#8221;]<\/p>\n<p>+43 662 450588 505<br \/>h.robitschko@autolift.info<br \/>Salzburg<\/p>\n<p>[\/et_pb_team_member][\/et_pb_column][et_pb_column type=&#8221;1_4&#8243; _builder_version=&#8221;4.16&#8243; _module_preset=&#8221;default&#8221; global_colors_info=&#8221;{}&#8221;][et_pb_team_member name=&#8221;Ing. Mag. Matthias Walkner&#8221; position=&#8221;Koordynator produkcji \/  zam\u00f3wie\u0144&#8221; image_url=&#8221;https:\/\/www.autolift.info\/wp-content\/uploads\/2023\/01\/Matthias-Walkner_b.jpg&#8221; admin_label=&#8221;Matthias Walkner&#8221; _builder_version=&#8221;4.19.4&#8243; _module_preset=&#8221;default&#8221; header_text_color=&#8221;gcid-4ebc9de5-e061-4b45-94a8-080fa0de0610&#8243; text_orientation=&#8221;center&#8221; custom_margin=&#8221;||40px||false|false&#8221; global_colors_info=&#8221;{%22gcid-4ebc9de5-e061-4b45-94a8-080fa0de0610%22:%91%22header_text_color%22%93}&#8221;]+43 662 450588 503<br \/>\nm.walkner@autolift.info<br \/>\nSalzburg[\/et_pb_team_member][\/et_pb_column][\/et_pb_row][et_pb_row _builder_version=&#8221;4.16&#8243; _module_preset=&#8221;default&#8221; custom_margin=&#8221;0px||0px||true|false&#8221; custom_padding=&#8221;0px||0px||true|false&#8221; global_colors_info=&#8221;{}&#8221;][et_pb_column type=&#8221;4_4&#8243; _builder_version=&#8221;4.16&#8243; _module_preset=&#8221;default&#8221; global_colors_info=&#8221;{}&#8221;][et_pb_text admin_label=&#8221;Vertrieb&#8221; _builder_version=&#8221;4.24.3&#8243; _module_preset=&#8221;default&#8221; global_colors_info=&#8221;{}&#8221;]<\/p>\n<h2>Dystrybucja<\/h2>\n<p>[\/et_pb_text][\/et_pb_column][\/et_pb_row][et_pb_row column_structure=&#8221;1_4,1_4,1_4,1_4&#8243; use_custom_gutter=&#8221;on&#8221; gutter_width=&#8221;2&#8243; make_equal=&#8221;on&#8221; _builder_version=&#8221;4.16&#8243; _module_preset=&#8221;default&#8221; background_color=&#8221;#FFFFFF&#8221; custom_margin=&#8221;||||false|true&#8221; custom_padding=&#8221;|30px||30px|false|true&#8221; locked=&#8221;off&#8221; global_colors_info=&#8221;{}&#8221;][et_pb_column type=&#8221;1_4&#8243; _builder_version=&#8221;4.16&#8243; _module_preset=&#8221;default&#8221; global_colors_info=&#8221;{}&#8221;][et_pb_team_member name=&#8221;Frederic Guillot&#8221; position=&#8221;Business Developer i dyrektor ds. sprzeda\u017cy mi\u0119dzynarodowej&#8221; image_url=&#8221;https:\/\/www.autolift.info\/wp-content\/uploads\/2021\/04\/Frederic-Guillot.jpg&#8221; admin_label=&#8221;Frederic Guillot&#8221; _builder_version=&#8221;4.16.0&#8243; _module_preset=&#8221;default&#8221; header_text_color=&#8221;gcid-4ebc9de5-e061-4b45-94a8-080fa0de0610&#8243; text_orientation=&#8221;center&#8221; custom_margin=&#8221;||40px||false|false&#8221; global_colors_info=&#8221;{%22gcid-4ebc9de5-e061-4b45-94a8-080fa0de0610%22:%91%22header_text_color%22%93}&#8221;]+43 662 450588 511<br \/>\nf.guillot@autolift.info<br \/>\nSalzburg[\/et_pb_team_member][\/et_pb_column][et_pb_column type=&#8221;1_4&#8243; _builder_version=&#8221;4.16&#8243; _module_preset=&#8221;default&#8221; global_colors_info=&#8221;{}&#8221;][et_pb_team_member name=&#8221;Hannes Ziery&#8221; position=&#8221;Kierownik sprzeda\u017cy&#8221; image_url=&#8221;https:\/\/www.autolift.info\/wp-content\/uploads\/2022\/01\/Hannes-Ziery.jpg&#8221; admin_label=&#8221;Hannes Ziery&#8221; _builder_version=&#8221;4.16&#8243; _module_preset=&#8221;default&#8221; header_text_color=&#8221;gcid-4ebc9de5-e061-4b45-94a8-080fa0de0610&#8243; text_orientation=&#8221;center&#8221; custom_margin=&#8221;||40px||false|false&#8221; global_colors_info=&#8221;{%22gcid-4ebc9de5-e061-4b45-94a8-080fa0de0610%22:%91%22header_text_color%22%93}&#8221;]+43 664 88349191<br \/>\nh.ziery@autolift.info<br \/>\nSalzburg[\/et_pb_team_member][\/et_pb_column][et_pb_column type=&#8221;1_4&#8243; _builder_version=&#8221;4.16&#8243; _module_preset=&#8221;default&#8221; global_colors_info=&#8221;{}&#8221;][et_pb_team_member name=&#8221;Dipl. Kfm. Susanne Herkommer  &#8221; position=&#8221;Sprzeda\u017c samochod\u00f3w&#8221; image_url=&#8221;https:\/\/www.autolift.info\/wp-content\/uploads\/2023\/01\/Susanne-Herkommer_b.jpg&#8221; disabled_on=&#8221;off|off|off&#8221; admin_label=&#8221;Susanne Herkommer&#8221; _builder_version=&#8221;4.22.2&#8243; _module_preset=&#8221;default&#8221; header_text_color=&#8221;gcid-4ebc9de5-e061-4b45-94a8-080fa0de0610&#8243; text_orientation=&#8221;center&#8221; custom_margin=&#8221;||40px||false|false&#8221; global_colors_info=&#8221;{%22gcid-4ebc9de5-e061-4b45-94a8-080fa0de0610%22:%91%22header_text_color%22%93}&#8221;]+43 662 450588 512<br \/>\ns.herkommer@autolift.info<br \/>\nSalzburg[\/et_pb_team_member][\/et_pb_column][et_pb_column type=&#8221;1_4&#8243; _builder_version=&#8221;4.16&#8243; _module_preset=&#8221;default&#8221; global_colors_info=&#8221;{}&#8221;][et_pb_team_member name=&#8221;Aleksandr Yakimenko&#8221; position=&#8221;Kierownik ds. sprzeda\u017cy wojskowej i kolejowej&#8221; image_url=&#8221;https:\/\/www.autolift.info\/wp-content\/uploads\/2024\/02\/Aleksandr-Yakimenko_b.jpg&#8221; disabled_on=&#8221;off|off|off&#8221; admin_label=&#8221;Susanne Herkommer&#8221; _builder_version=&#8221;4.24.3&#8243; _module_preset=&#8221;default&#8221; header_text_color=&#8221;gcid-4ebc9de5-e061-4b45-94a8-080fa0de0610&#8243; text_orientation=&#8221;center&#8221; custom_margin=&#8221;||40px||false|false&#8221; global_colors_info=&#8221;{%22gcid-4ebc9de5-e061-4b45-94a8-080fa0de0610%22:%91%22header_text_color%22%93}&#8221;]<\/p>\n<p>+43 664 88760555<br \/>autolift@hotmail.com<br \/>Salzburg<\/p>\n<p>[\/et_pb_team_member][\/et_pb_column][\/et_pb_row][et_pb_row _builder_version=&#8221;4.16&#8243; _module_preset=&#8221;default&#8221; custom_margin=&#8221;0px||0px||true|false&#8221; custom_padding=&#8221;0px||0px||true|false&#8221; global_colors_info=&#8221;{}&#8221;][et_pb_column type=&#8221;4_4&#8243; _builder_version=&#8221;4.16&#8243; _module_preset=&#8221;default&#8221; global_colors_info=&#8221;{}&#8221;][et_pb_text admin_label=&#8221;Backoffice \/ Projektabwicklung&#8221; _builder_version=&#8221;4.24.3&#8243; _module_preset=&#8221;default&#8221; custom_padding=&#8221;0px|||||&#8221; global_colors_info=&#8221;{}&#8221;]<\/p>\n<h2>Back office\/zarz\u0105dzanie projektami<\/h2>\n<p>[\/et_pb_text][\/et_pb_column][\/et_pb_row][et_pb_row column_structure=&#8221;1_4,1_4,1_4,1_4&#8243; use_custom_gutter=&#8221;on&#8221; gutter_width=&#8221;2&#8243; make_equal=&#8221;on&#8221; _builder_version=&#8221;4.16&#8243; _module_preset=&#8221;default&#8221; background_color=&#8221;#FFFFFF&#8221; custom_margin=&#8221;||||false|true&#8221; custom_padding=&#8221;|30px||30px|false|true&#8221; locked=&#8221;off&#8221; global_colors_info=&#8221;{}&#8221;][et_pb_column type=&#8221;1_4&#8243; _builder_version=&#8221;4.16&#8243; _module_preset=&#8221;default&#8221; global_colors_info=&#8221;{}&#8221;][et_pb_team_member name=&#8221;Dipl. Ing. Bakk. Komm. Monica Castro&#8221; position=&#8221;Mened\u017cer projektu&#8221; image_url=&#8221;https:\/\/www.autolift.info\/wp-content\/uploads\/2023\/01\/Monica-Castro_b.jpg&#8221; admin_label=&#8221;Monica Castro&#8221; _builder_version=&#8221;4.22.2&#8243; _module_preset=&#8221;default&#8221; header_text_color=&#8221;gcid-4ebc9de5-e061-4b45-94a8-080fa0de0610&#8243; text_orientation=&#8221;center&#8221; custom_margin=&#8221;||40px||false|false&#8221; global_colors_info=&#8221;{%22gcid-4ebc9de5-e061-4b45-94a8-080fa0de0610%22:%91%22header_text_color%22%93}&#8221;]<\/p>\n<p>+43 662 450588 508<br \/>m.castro@autolift.info<br \/>Salzburg<\/p>\n<p>[\/et_pb_team_member][\/et_pb_column][et_pb_column type=&#8221;1_4&#8243; _builder_version=&#8221;4.16&#8243; _module_preset=&#8221;default&#8221; global_colors_info=&#8221;{}&#8221;][et_pb_team_member name=&#8221;Nilesh Maskar MSc.&#8221; position=&#8221;Realizacja projektu&#8221; image_url=&#8221;https:\/\/www.autolift.info\/wp-content\/uploads\/2023\/01\/Nilesh-Maskar_b.jpg&#8221; admin_label=&#8221;Nilesh Maskar&#8221; _builder_version=&#8221;4.22.2&#8243; _module_preset=&#8221;default&#8221; header_text_color=&#8221;gcid-4ebc9de5-e061-4b45-94a8-080fa0de0610&#8243; text_orientation=&#8221;center&#8221; custom_margin=&#8221;||40px||false|false&#8221; global_colors_info=&#8221;{%22gcid-4ebc9de5-e061-4b45-94a8-080fa0de0610%22:%91%22header_text_color%22%93}&#8221;]+43 662 450588 518<br \/>\nn.maskar@autolift.info<br \/>\nSalzburg[\/et_pb_team_member][\/et_pb_column][et_pb_column type=&#8221;1_4&#8243; _builder_version=&#8221;4.16&#8243; _module_preset=&#8221;default&#8221; global_colors_info=&#8221;{}&#8221;][et_pb_team_member name=&#8221;Thomas Schmidlechner&#8221; position=&#8221;Asystent projektu&#8221; image_url=&#8221;https:\/\/www.autolift.info\/wp-content\/uploads\/2021\/04\/team-blank-1.jpg&#8221; disabled_on=&#8221;off|off|off&#8221; admin_label=&#8221;Thomas Schmidlechner&#8221; _builder_version=&#8221;4.23&#8243; _module_preset=&#8221;default&#8221; header_text_color=&#8221;gcid-4ebc9de5-e061-4b45-94a8-080fa0de0610&#8243; text_orientation=&#8221;center&#8221; custom_margin=&#8221;||40px||false|false&#8221; global_colors_info=&#8221;{%22gcid-4ebc9de5-e061-4b45-94a8-080fa0de0610%22:%91%22header_text_color%22%93}&#8221;]<\/p>\n<p>+43 662 450588 510<br \/>t.schmidlechner@autolift.info<br \/>Salzburg<\/p>\n<p>[\/et_pb_team_member][\/et_pb_column][et_pb_column type=&#8221;1_4&#8243; _builder_version=&#8221;4.16&#8243; _module_preset=&#8221;default&#8221; global_colors_info=&#8221;{}&#8221;][et_pb_team_member name=&#8221;Aaliyah Emberger&#8221; position=&#8221;Kierownik biura&#8221; image_url=&#8221;https:\/\/www.autolift.info\/wp-content\/uploads\/2024\/01\/Aaliyah-Emberger_b.png&#8221; admin_label=&#8221;Monica Castro&#8221; _builder_version=&#8221;4.24.3&#8243; _module_preset=&#8221;default&#8221; header_text_color=&#8221;gcid-4ebc9de5-e061-4b45-94a8-080fa0de0610&#8243; text_orientation=&#8221;center&#8221; custom_margin=&#8221;||40px||false|false&#8221; global_colors_info=&#8221;{%22gcid-4ebc9de5-e061-4b45-94a8-080fa0de0610%22:%91%22header_text_color%22%93}&#8221;]<\/p>\n<p>+43 662 450588 523<br \/>a.emberger@autolift.info<br \/>Salzburg<\/p>\n<p>[\/et_pb_team_member][\/et_pb_column][\/et_pb_row][et_pb_row _builder_version=&#8221;4.16&#8243; _module_preset=&#8221;default&#8221; custom_margin=&#8221;0px||0px||true|false&#8221; custom_padding=&#8221;0px||0px||true|false&#8221; global_colors_info=&#8221;{}&#8221;][et_pb_column type=&#8221;4_4&#8243; _builder_version=&#8221;4.16&#8243; _module_preset=&#8221;default&#8221; global_colors_info=&#8221;{}&#8221;][et_pb_text admin_label=&#8221;Finanzbuchhaltung\/LV&#8221; _builder_version=&#8221;4.24.3&#8243; _module_preset=&#8221;default&#8221; custom_padding=&#8221;||0px|||&#8221; global_colors_info=&#8221;{}&#8221;]<\/p>\n<h2>Ksi\u0119gowo\u015b\u0107 finansowa\/ksi\u0119gowo\u015b\u0107 p\u0142ac<\/h2>\n<h2><\/h2>\n<p>[\/et_pb_text][\/et_pb_column][\/et_pb_row][et_pb_row column_structure=&#8221;1_4,1_4,1_4,1_4&#8243; use_custom_gutter=&#8221;on&#8221; gutter_width=&#8221;2&#8243; make_equal=&#8221;on&#8221; _builder_version=&#8221;4.16&#8243; _module_preset=&#8221;default&#8221; background_color=&#8221;#FFFFFF&#8221; custom_margin=&#8221;||||false|true&#8221; custom_padding=&#8221;|30px||30px|false|true&#8221; locked=&#8221;off&#8221; global_colors_info=&#8221;{}&#8221;][et_pb_column type=&#8221;1_4&#8243; _builder_version=&#8221;4.16&#8243; _module_preset=&#8221;default&#8221; global_colors_info=&#8221;{}&#8221;][et_pb_team_member name=&#8221;Doris Emberger&#8221; position=&#8221;Ksi\u0119gowo\u015b\u0107 finansowa\/ksi\u0119gowo\u015b\u0107 p\u0142ac&#8221; image_url=&#8221;https:\/\/www.autolift.info\/wp-content\/uploads\/2021\/05\/Doris-Emberger.jpg&#8221; admin_label=&#8221;Doris Emberger&#8221; _builder_version=&#8221;4.19.4&#8243; _module_preset=&#8221;default&#8221; header_text_color=&#8221;gcid-4ebc9de5-e061-4b45-94a8-080fa0de0610&#8243; text_orientation=&#8221;center&#8221; custom_margin=&#8221;||40px||false|false&#8221; global_colors_info=&#8221;{%22gcid-4ebc9de5-e061-4b45-94a8-080fa0de0610%22:%91%22header_text_color%22%93}&#8221;]+43 662 450588 509<br \/>\nd.emberger@autolift.info<br \/>\nSalzburg[\/et_pb_team_member][\/et_pb_column][et_pb_column type=&#8221;1_4&#8243; _builder_version=&#8221;4.16&#8243; _module_preset=&#8221;default&#8221; global_colors_info=&#8221;{}&#8221;][et_pb_team_member name=&#8221;Gislinde Buchschartner&#8221; position=&#8221;Pomoc w prowadzeniu ksi\u0119gowo\u015bci finansowej\/ksi\u0119gowo\u015bci p\u0142ac&#8221; image_url=&#8221;https:\/\/www.autolift.info\/wp-content\/uploads\/2022\/11\/Gislinde-Buchschartner.jpg&#8221; admin_label=&#8221;Gislinde Buchschartner&#8221; _builder_version=&#8221;4.18.1&#8243; _module_preset=&#8221;default&#8221; header_text_color=&#8221;gcid-4ebc9de5-e061-4b45-94a8-080fa0de0610&#8243; text_orientation=&#8221;center&#8221; custom_margin=&#8221;||40px||false|false&#8221; global_colors_info=&#8221;{%22gcid-4ebc9de5-e061-4b45-94a8-080fa0de0610%22:%91%22header_text_color%22%93}&#8221;]+43 662 450588 0<br \/>\ng.buchschartner@autolift.info<br \/>\nSalzburg[\/et_pb_team_member][\/et_pb_column][et_pb_column type=&#8221;1_4&#8243; _builder_version=&#8221;4.16&#8243; _module_preset=&#8221;default&#8221; global_colors_info=&#8221;{}&#8221;][\/et_pb_column][et_pb_column type=&#8221;1_4&#8243; _builder_version=&#8221;4.16&#8243; _module_preset=&#8221;default&#8221; global_colors_info=&#8221;{}&#8221;][\/et_pb_column][\/et_pb_row][et_pb_row _builder_version=&#8221;4.16&#8243; _module_preset=&#8221;default&#8221; custom_margin=&#8221;0px||0px||true|false&#8221; custom_padding=&#8221;0px||0px||true|false&#8221; global_colors_info=&#8221;{}&#8221;][et_pb_column type=&#8221;4_4&#8243; _builder_version=&#8221;4.16&#8243; _module_preset=&#8221;default&#8221; global_colors_info=&#8221;{}&#8221;][et_pb_text admin_label=&#8221;Service&#8221; _builder_version=&#8221;4.16&#8243; _module_preset=&#8221;default&#8221; global_colors_info=&#8221;{}&#8221;]<\/p>\n<h2>Praca<\/h2>\n<p>[\/et_pb_text][\/et_pb_column][\/et_pb_row][et_pb_row column_structure=&#8221;1_4,1_4,1_4,1_4&#8243; use_custom_gutter=&#8221;on&#8221; gutter_width=&#8221;2&#8243; make_equal=&#8221;on&#8221; _builder_version=&#8221;4.16&#8243; _module_preset=&#8221;default&#8221; background_color=&#8221;#FFFFFF&#8221; custom_margin=&#8221;||||false|true&#8221; custom_padding=&#8221;|30px||30px|false|true&#8221; locked=&#8221;off&#8221; global_colors_info=&#8221;{}&#8221;][et_pb_column type=&#8221;1_4&#8243; _builder_version=&#8221;4.16&#8243; _module_preset=&#8221;default&#8221; global_colors_info=&#8221;{}&#8221;][et_pb_team_member name=&#8221;Thomas Leist &#8221; position=&#8221;Zarz\u0105dzanie us\u0142ugami&#8221; image_url=&#8221;https:\/\/www.autolift.info\/wp-content\/uploads\/2023\/01\/Thomas-Leist_b.jpg&#8221; admin_label=&#8221;Thomas Leist &#8221; _builder_version=&#8221;4.19.4&#8243; _module_preset=&#8221;default&#8221; header_text_color=&#8221;gcid-4ebc9de5-e061-4b45-94a8-080fa0de0610&#8243; text_orientation=&#8221;center&#8221; custom_margin=&#8221;||40px||false|false&#8221; global_colors_info=&#8221;{%22gcid-4ebc9de5-e061-4b45-94a8-080fa0de0610%22:%91%22header_text_color%22%93}&#8221;]+43 662 450588 504<br \/>\nt.leist@autolift.info<br \/>\nSalzburg[\/et_pb_team_member][et_pb_team_member name=&#8221;Vitalii Tretyakov&#8221; position=&#8221;Technik serwisu&#8221; image_url=&#8221;https:\/\/www.autolift.info\/wp-content\/uploads\/2023\/01\/Vitalii-Tratyakov_b.jpg&#8221; admin_label=&#8221;Vitalii Tretyakov&#8221; _builder_version=&#8221;4.19.4&#8243; _module_preset=&#8221;default&#8221; header_text_color=&#8221;gcid-4ebc9de5-e061-4b45-94a8-080fa0de0610&#8243; text_orientation=&#8221;center&#8221; custom_margin=&#8221;||40px||false|false&#8221; global_colors_info=&#8221;{%22gcid-4ebc9de5-e061-4b45-94a8-080fa0de0610%22:%91%22header_text_color%22%93}&#8221;]+43 664 88349185<br \/>\nv.tretiakov@autolift.info<br \/>\nSalzburg[\/et_pb_team_member][et_pb_team_member name=&#8221;Jonathan Leufuman&#8221; position=&#8221;Technik serwisu&#8221; image_url=&#8221;https:\/\/www.autolift.info\/wp-content\/uploads\/2025\/01\/Bild1-2-234&#215;300.jpg&#8221; admin_label=&#8221;Vitalii Tretyakov&#8221; _builder_version=&#8221;4.27.4&#8243; _module_preset=&#8221;default&#8221; header_text_color=&#8221;gcid-4ebc9de5-e061-4b45-94a8-080fa0de0610&#8243; text_orientation=&#8221;center&#8221; custom_margin=&#8221;||40px||false|false&#8221; global_colors_info=&#8221;{%22gcid-4ebc9de5-e061-4b45-94a8-080fa0de0610%22:%91%22header_text_color%22%93}&#8221;]<\/p>\n<p>+43 664 88760557<br \/>j.leufuman@autolift.info<br \/>Wien<\/p>\n<p>[\/et_pb_team_member][\/et_pb_column][et_pb_column type=&#8221;1_4&#8243; _builder_version=&#8221;4.16&#8243; _module_preset=&#8221;default&#8221; global_colors_info=&#8221;{}&#8221;][et_pb_team_member name=&#8221;Anita Jung&#8221; position=&#8221;Pomoc w zarz\u0105dzaniu us\u0142ugami&#8221; image_url=&#8221;https:\/\/www.autolift.info\/wp-content\/uploads\/2024\/07\/verwendetes-Foto_AJ.jpg&#8221; admin_label=&#8221;Laurita Ahmeti&#8221; _builder_version=&#8221;4.26.1&#8243; _module_preset=&#8221;default&#8221; header_text_color=&#8221;gcid-4ebc9de5-e061-4b45-94a8-080fa0de0610&#8243; text_orientation=&#8221;center&#8221; custom_margin=&#8221;||40px||false|false&#8221; global_colors_info=&#8221;{%22gcid-4ebc9de5-e061-4b45-94a8-080fa0de0610%22:%91%22header_text_color%22%93}&#8221;]<\/p>\n<p>+43 662 450588 525<br \/>a.jung@autolift.info<br \/>Salzburg<\/p>\n<p>[\/et_pb_team_member][et_pb_team_member name=&#8221;Richmond Jnr &#8221; position=&#8221;Technik serwisu&#8221; image_url=&#8221;https:\/\/www.autolift.info\/wp-content\/uploads\/2024\/03\/Richmond-Jnr_b.jpg&#8221; admin_label=&#8221;Davide Acquaviva&#8221; _builder_version=&#8221;4.24.3&#8243; _module_preset=&#8221;default&#8221; header_text_color=&#8221;gcid-4ebc9de5-e061-4b45-94a8-080fa0de0610&#8243; text_orientation=&#8221;center&#8221; custom_margin=&#8221;||40px||false|false&#8221; global_colors_info=&#8221;{%22gcid-4ebc9de5-e061-4b45-94a8-080fa0de0610%22:%91%22header_text_color%22%93}&#8221;]<\/p>\n<p>+43 664 8876 0556\u200b<br \/>r.opoku-jnr@autolift.info<br \/>Italien<\/p>\n<p>[\/et_pb_team_member][\/et_pb_column][et_pb_column type=&#8221;1_4&#8243; _builder_version=&#8221;4.16&#8243; _module_preset=&#8221;default&#8221; global_colors_info=&#8221;{}&#8221;][et_pb_team_member name=&#8221;Johannes Probst&#8221; position=&#8221;Technik serwisu&#8221; image_url=&#8221;https:\/\/www.autolift.info\/wp-content\/uploads\/2023\/01\/Hannes-Probst_b.jpg&#8221; admin_label=&#8221;Johannes Probst&#8221; _builder_version=&#8221;4.19.4&#8243; _module_preset=&#8221;default&#8221; header_text_color=&#8221;gcid-4ebc9de5-e061-4b45-94a8-080fa0de0610&#8243; text_orientation=&#8221;center&#8221; custom_margin=&#8221;||40px||false|false&#8221; global_colors_info=&#8221;{%22gcid-4ebc9de5-e061-4b45-94a8-080fa0de0610%22:%91%22header_text_color%22%93}&#8221;]+43 664 8222832<br \/>\nj.probst@autolift.info<br \/>\nSalzburg[\/et_pb_team_member][et_pb_team_member name=&#8221;Steffen Schlese&#8221; position=&#8221;Technik serwisu&#8221; image_url=&#8221;https:\/\/www.autolift.info\/wp-content\/uploads\/2023\/01\/Steffen-Schlese_b.jpg&#8221; admin_label=&#8221;Steffen Schlese&#8221; _builder_version=&#8221;4.19.4&#8243; _module_preset=&#8221;default&#8221; header_text_color=&#8221;gcid-4ebc9de5-e061-4b45-94a8-080fa0de0610&#8243; text_orientation=&#8221;center&#8221; custom_margin=&#8221;||40px||false|false&#8221; global_colors_info=&#8221;{%22gcid-4ebc9de5-e061-4b45-94a8-080fa0de0610%22:%91%22header_text_color%22%93}&#8221;]+43 664 88212239<br \/>\ns.schlese@autolift.info<br \/>\nSalzburg[\/et_pb_team_member][\/et_pb_column][et_pb_column type=&#8221;1_4&#8243; _builder_version=&#8221;4.16&#8243; _module_preset=&#8221;default&#8221; global_colors_info=&#8221;{}&#8221;][et_pb_team_member name=&#8221;Manuel Kreusel&#8221; position=&#8221;Technik serwisu&#8221; image_url=&#8221;https:\/\/www.autolift.info\/wp-content\/uploads\/2021\/05\/Manuel-Kreusel.jpg&#8221; admin_label=&#8221;Manuel Kreusel&#8221; _builder_version=&#8221;4.16&#8243; _module_preset=&#8221;default&#8221; header_text_color=&#8221;gcid-4ebc9de5-e061-4b45-94a8-080fa0de0610&#8243; text_orientation=&#8221;center&#8221; custom_margin=&#8221;||40px||false|false&#8221; global_colors_info=&#8221;{%22gcid-4ebc9de5-e061-4b45-94a8-080fa0de0610%22:%91%22header_text_color%22%93}&#8221;]+43 664 88212237<br \/>\nm.kreusel@autolift.info<br \/>\nSalzburg[\/et_pb_team_member][et_pb_team_member name=&#8221;Florian Enzinger&#8221; position=&#8221;Technik serwisu&#8221; image_url=&#8221;https:\/\/www.autolift.info\/wp-content\/uploads\/2023\/09\/Florian-Leist_b.png&#8221; admin_label=&#8221;Florian Leist&#8221; _builder_version=&#8221;4.22.1&#8243; _module_preset=&#8221;default&#8221; header_text_color=&#8221;gcid-4ebc9de5-e061-4b45-94a8-080fa0de0610&#8243; text_orientation=&#8221;center&#8221; custom_margin=&#8221;||40px||false|false&#8221; global_colors_info=&#8221;{%22gcid-4ebc9de5-e061-4b45-94a8-080fa0de0610%22:%91%22header_text_color%22%93}&#8221;]<\/p>\n<p>+43 664 888760560\u200b<br \/>f.enzinger@autolift.info<br \/>Salzburg<\/p>\n<p>[\/et_pb_team_member][\/et_pb_column][\/et_pb_row][\/et_pb_section][et_pb_section fb_built=&#8221;1&#8243; _builder_version=&#8221;4.16.0&#8243; _module_preset=&#8221;default&#8221; global_colors_info=&#8221;{}&#8221;][et_pb_row _builder_version=&#8221;4.16.0&#8243; _module_preset=&#8221;default&#8221; global_colors_info=&#8221;{}&#8221;][et_pb_column type=&#8221;4_4&#8243; _builder_version=&#8221;4.16.0&#8243; _module_preset=&#8221;default&#8221; global_colors_info=&#8221;{}&#8221;][et_pb_image _builder_version=&#8221;4.16.0&#8243; _module_preset=&#8221;default&#8221; global_colors_info=&#8221;{}&#8221;][\/et_pb_image][\/et_pb_column][\/et_pb_row][\/et_pb_section]<\/p>\n","protected":false},"excerpt":{"rendered":"<p>NASZ ZESP\u00d3\u0141 SPRZEDA\u017bY I SERWISU+43 662 450588 0 j.eichhausen@autolift.info Salzburg+43 662 450588 500 o.weinberger@autolift.info Salzburg+43 662 450588 505h.robitschko@autolift.infoSalzburg+43 662 450588 503 m.walkner@autolift.info SalzburgDystrybucja+43 662 450588 511 f.guillot@autolift.info Salzburg+43 664 88349191 h.ziery@autolift.info Salzburg+43 662 450588 512 s.herkommer@autolift.info Salzburg+43 664 88760555autolift@hotmail.comSalzburgBack office\/zarz\u0105dzanie projektami+43 662 450588 508m.castro@autolift.infoSalzburg+43 662 450588 518 n.maskar@autolift.info Salzburg+43 662 450588 510t.schmidlechner@autolift.infoSalzburg+43 662 450588 523a.emberger@autolift.infoSalzburgKsi\u0119gowo\u015b\u0107 [&hellip;]<\/p>\n","protected":false},"author":1,"featured_media":0,"parent":247948,"menu_order":10,"comment_status":"closed","ping_status":"closed","template":"","meta":{"_et_pb_use_builder":"on","_et_pb_old_content":"","_et_gb_content_width":"","footnotes":""},"class_list":["post-247954","page","type-page","status-publish","hentry"],"_links":{"self":[{"href":"https:\/\/www.autolift.info\/pl\/wp-json\/wp\/v2\/pages\/247954","targetHints":{"allow":["GET"]}}],"collection":[{"href":"https:\/\/www.autolift.info\/pl\/wp-json\/wp\/v2\/pages"}],"about":[{"href":"https:\/\/www.autolift.info\/pl\/wp-json\/wp\/v2\/types\/page"}],"author":[{"embeddable":true,"href":"https:\/\/www.autolift.info\/pl\/wp-json\/wp\/v2\/users\/1"}],"replies":[{"embeddable":true,"href":"https:\/\/www.autolift.info\/pl\/wp-json\/wp\/v2\/comments?post=247954"}],"version-history":[{"count":34,"href":"https:\/\/www.autolift.info\/pl\/wp-json\/wp\/v2\/pages\/247954\/revisions"}],"predecessor-version":[{"id":250861,"href":"https:\/\/www.autolift.info\/pl\/wp-json\/wp\/v2\/pages\/247954\/revisions\/250861"}],"up":[{"embeddable":true,"href":"https:\/\/www.autolift.info\/pl\/wp-json\/wp\/v2\/pages\/247948"}],"wp:attachment":[{"href":"https:\/\/www.autolift.info\/pl\/wp-json\/wp\/v2\/media?parent=247954"}],"curies":[{"name":"wp","href":"https:\/\/api.w.org\/{rel}","templated":true}]}}