{"id":247936,"date":"2023-06-22T10:29:01","date_gmt":"2023-06-22T08:29:01","guid":{"rendered":"https:\/\/www.autolift.info\/nasze-lokalizacje\/"},"modified":"2024-06-07T14:41:05","modified_gmt":"2024-06-07T12:41:05","slug":"nasze-lokalizacje","status":"publish","type":"page","link":"https:\/\/www.autolift.info\/pl\/o-firmie\/nasze-lokalizacje\/","title":{"rendered":"NASZE LOKALIZACJE"},"content":{"rendered":"<p>[et_pb_section fb_built=&#8221;1&#8243; _builder_version=&#8221;4.9.1&#8243; _module_preset=&#8221;default&#8221; custom_padding=&#8221;0px||0px||true|false&#8221; locked=&#8221;off&#8221;][et_pb_row use_custom_gutter=&#8221;on&#8221; gutter_width=&#8221;1&#8243; make_equal=&#8221;on&#8221; _builder_version=&#8221;4.9.1&#8243; _module_preset=&#8221;default&#8221; width=&#8221;100%&#8221; max_width=&#8221;100%&#8221; custom_margin=&#8221;||||false|false&#8221; custom_padding=&#8221;0px||0px||true|false&#8221;][et_pb_column type=&#8221;4_4&#8243; _builder_version=&#8221;4.9.1&#8243; _module_preset=&#8221;default&#8221;][et_pb_slider show_pagination=&#8221;off&#8221; use_bg_overlay=&#8221;on&#8221; use_text_overlay=&#8221;off&#8221; module_class=&#8221;autolift-slider&#8221; _builder_version=&#8221;4.9.4&#8243; _module_preset=&#8221;default&#8221; header_font=&#8221;|700||on|||||&#8221; header_font_size=&#8221;60px&#8221; background_color=&#8221;#ECECEC&#8221; background_enable_image=&#8221;off&#8221; height=&#8221;600px&#8221; height_tablet=&#8221;450px&#8221; height_phone=&#8221;350px&#8221; height_last_edited=&#8221;on|phone&#8221; auto=&#8221;on&#8221; auto_speed=&#8221;5000&#8243; header_font_size_tablet=&#8221;36px&#8221; header_font_size_phone=&#8221;26px&#8221; header_font_size_last_edited=&#8221;on|desktop&#8221;][et_pb_slide alignment=&#8221;bottom&#8221; _builder_version=&#8221;4.9.4&#8243; _module_preset=&#8221;default&#8221; header_font=&#8221;|700||on|||||&#8221; header_text_align=&#8221;left&#8221; header_font_size=&#8221;60px&#8221; background_color=&#8221;#ECECEC&#8221; background_enable_color=&#8221;on&#8221; background_image=&#8221;https:\/\/www.autolift.info\/wp-content\/uploads\/2021\/05\/083_produktion_serbien_autolift-1.jpg&#8221; background_enable_image=&#8221;on&#8221; parallax=&#8221;on&#8221; parallax_method=&#8221;off&#8221; global_colors_info=&#8221;{%22gcid-1e316c67-09f0-49b6-a876-cbbe87afea32%22:%91%93}&#8221; custom_css_main_element__hover_enabled=&#8221;on|desktop&#8221; sticky_transition=&#8221;on&#8221;][\/et_pb_slide][et_pb_slide _builder_version=&#8221;4.9.4&#8243; _module_preset=&#8221;default&#8221; header_font=&#8221;|700||on|||||&#8221; header_text_align=&#8221;left&#8221; header_font_size=&#8221;60px&#8221; background_color=&#8221;#ECECEC&#8221; background_enable_color=&#8221;on&#8221; background_image=&#8221;https:\/\/www.autolift.info\/wp-content\/uploads\/2021\/05\/084_produktion_serbien_autolift-01-1.jpg&#8221; background_enable_image=&#8221;on&#8221; parallax=&#8221;on&#8221; parallax_method=&#8221;off&#8221; global_colors_info=&#8221;{%22gcid-1e316c67-09f0-49b6-a876-cbbe87afea32%22:%91%93}&#8221; sticky_transition=&#8221;on&#8221;][\/et_pb_slide][et_pb_slide _builder_version=&#8221;4.9.4&#8243; _module_preset=&#8221;default&#8221; background_color=&#8221;#ECECEC&#8221; background_enable_color=&#8221;on&#8221; background_image=&#8221;https:\/\/www.autolift.info\/wp-content\/uploads\/2021\/05\/079_produktion_serbien_autolift-1.jpg&#8221; background_enable_image=&#8221;on&#8221; parallax=&#8221;on&#8221; parallax_method=&#8221;off&#8221; sticky_transition=&#8221;on&#8221;][\/et_pb_slide][et_pb_slide _builder_version=&#8221;4.9.4&#8243; _module_preset=&#8221;default&#8221; background_color=&#8221;#ECECEC&#8221; background_enable_color=&#8221;on&#8221; background_image=&#8221;https:\/\/www.autolift.info\/wp-content\/uploads\/2021\/05\/080_produktion_serbien_autolift-1.jpg&#8221; background_enable_image=&#8221;on&#8221; parallax=&#8221;on&#8221; parallax_method=&#8221;off&#8221; sticky_transition=&#8221;on&#8221;][\/et_pb_slide][et_pb_slide _builder_version=&#8221;4.9.4&#8243; _module_preset=&#8221;default&#8221; background_color=&#8221;#ECECEC&#8221; background_enable_color=&#8221;on&#8221; background_image=&#8221;https:\/\/www.autolift.info\/wp-content\/uploads\/2021\/05\/081_produktion_serbien_autolift-1.jpg&#8221; background_enable_image=&#8221;on&#8221; parallax=&#8221;on&#8221; parallax_method=&#8221;off&#8221; sticky_transition=&#8221;on&#8221;][\/et_pb_slide][et_pb_slide _builder_version=&#8221;4.9.4&#8243; _module_preset=&#8221;default&#8221; background_color=&#8221;#ECECEC&#8221; background_enable_color=&#8221;on&#8221; background_image=&#8221;https:\/\/www.autolift.info\/wp-content\/uploads\/2021\/05\/082_produktion_serbien_autolift-1.jpg&#8221; background_enable_image=&#8221;on&#8221; parallax=&#8221;on&#8221; parallax_method=&#8221;off&#8221; sticky_transition=&#8221;on&#8221;][\/et_pb_slide][\/et_pb_slider][\/et_pb_column][\/et_pb_row][\/et_pb_section][et_pb_section fb_built=&#8221;1&#8243; _builder_version=&#8221;4.9.3&#8243; _module_preset=&#8221;default&#8221; background_color=&#8221;RGBA(0,0,0,0)&#8221; custom_padding=&#8221;0px||||false|false&#8221; locked=&#8221;off&#8221;][et_pb_row use_custom_gutter=&#8221;on&#8221; gutter_width=&#8221;1&#8243; _builder_version=&#8221;4.9.7&#8243; _module_preset=&#8221;default&#8221; background_color=&#8221;#FFFFFF&#8221; module_alignment=&#8221;center&#8221; custom_margin=&#8221;||0px||false|false&#8221; custom_padding=&#8221;0px||0px||false|true&#8221; animation_direction=&#8221;bottom&#8221; custom_css_main_element=&#8221;z-index:10;&#8221;][et_pb_column type=&#8221;4_4&#8243; _builder_version=&#8221;4.9.1&#8243; _module_preset=&#8221;default&#8221;][et_pb_text admin_label=&#8221;Unsere Standorte&#8221; module_class=&#8221;ime-pattern-rot&#8221; _builder_version=&#8221;4.9.7&#8243; _module_preset=&#8221;default&#8221; text_font=&#8221;||||||||&#8221; header_font=&#8221;||||||||&#8221; header_text_color=&#8221;gcid-01af1b29-4bf7-44fe-a473-50909a3a5b27&#8243; header_2_font=&#8221;|800||on|||||&#8221; header_2_text_color=&#8221;gcid-4ebc9de5-e061-4b45-94a8-080fa0de0610&#8243; header_2_font_size=&#8221;40px&#8221; header_3_font=&#8221;|700||on|||||&#8221; header_3_font_size=&#8221;40px&#8221; background_color=&#8221;#FFFFFF&#8221; background_size=&#8221;initial&#8221; background_repeat=&#8221;repeat&#8221; background_blend=&#8221;difference&#8221; custom_margin=&#8221;-90px||0px||false|false&#8221; custom_margin_tablet=&#8221;-80px||||false|false&#8221; custom_margin_phone=&#8221;-72px||||false|false&#8221; custom_margin_last_edited=&#8221;on|desktop&#8221; custom_padding=&#8221;25px||15px|30px|false|false&#8221; header_2_font_size_tablet=&#8221;30px&#8221; header_2_font_size_phone=&#8221;24px&#8221; header_2_font_size_last_edited=&#8221;on|desktop&#8221; global_colors_info=&#8221;{%22gcid-7df05597-327a-4e7a-9bc4-7a2456ed480c%22:%91%93,%22gcid-01af1b29-4bf7-44fe-a473-50909a3a5b27%22:%91%22header_text_color%22%93,%22gcid-4ebc9de5-e061-4b45-94a8-080fa0de0610%22:%91%22header_2_text_color%22%93,%22gcid-07156617-efbb-4c8c-80ba-1d2279245b1d%22:%91%93}&#8221;]<\/p>\n<h2>NASZE LOKALIZACJE<\/h2>\n<p>[\/et_pb_text][\/et_pb_column][\/et_pb_row][et_pb_row _builder_version=&#8221;4.5.3&#8243; _module_preset=&#8221;default&#8221; custom_margin=&#8221;||0px||false|false&#8221; custom_padding=&#8221;||0px||false|false&#8221; locked=&#8221;off&#8221;][et_pb_column type=&#8221;4_4&#8243; _builder_version=&#8221;4.5.3&#8243; _module_preset=&#8221;default&#8221;][et_pb_accordion icon_color=&#8221;#ffffff&#8221; admin_label=&#8221;Accordion&#8221; module_class=&#8221;dct_faq_v9&#8243; _builder_version=&#8221;4.9.7&#8243; _module_preset=&#8221;default&#8221; toggle_text_color=&#8221;#333&#8243; toggle_font=&#8221;|700||on|||||&#8221; body_text_color=&#8221;#666464&#8243; custom_css_toggle_title=&#8221;border-top: 0;||background: #eee;||border-bottom: 1px solid transparent;||display: block;||padding: 14px 40px;||position: relative;&#8221; custom_css_toggle_icon=&#8221;content: %22%924c%22;||\tfont-family: ETmodules!important;||top: 10px;||\tright: 0;||\tfont-size: 22px;||\tline-height: 24px;||\tdisplay: block!important;||\t-webkit-box-sizing: border-box;||\t-moz-box-sizing: border-box;||\tbox-sizing: border-box;||\tfont-weight: 700;||\tbackground: #cc0000;||\tpadding: 10px&#8221; custom_css_toggle_content=&#8221;border-top: 0 none;||background: #eee;||padding: 15px 27px;&#8221; locked=&#8221;off&#8221;][et_pb_accordion_item title=&#8221;ELIXHAUSEN &#8211; SALZBURG \/ AUSTRIA&#8221; open=&#8221;on&#8221; _builder_version=&#8221;4.9.7&#8243; _module_preset=&#8221;default&#8221; custom_margin=&#8221;||6px||false|false&#8221; custom_padding=&#8221;0px|0px|0px|0px|false|false&#8221; border_width_left=&#8221;5px&#8221; border_color_left=&#8221;#cc0000&#8243;]<\/p>\n<p><img loading=\"lazy\" decoding=\"async\" class=\"wp-image-765 alignnone size-medium\" src=\"https:\/\/www.autolift.info\/wp-content\/uploads\/2021\/03\/ime-autolift-salzburg-standort-elixhausen-300x225.jpg\" alt=\"\" width=\"300\" height=\"225\"><\/p>\n<p>Jest siedzib\u0105 g\u0142\u00f3wn\u0105 naszej Sp\u00f3\u0142ki. Tutaj znajduje si\u0119 zarz\u0105d, odbywa si\u0119 sprzeda\u017c, zarz\u0105dzanie produktami oraz projektowanie, planowanie produkcji, a tak\u017ce nasza ksi\u0119gowo\u015b\u0107 i serwis.  <\/p>\n<p>[\/et_pb_accordion_item][et_pb_accordion_item title=&#8221;K\u00d3PH\u00c1ZA &#8211; SOPRON \/ W\u0118GRY&#8221; _builder_version=&#8221;4.9.4&#8243; _module_preset=&#8221;default&#8221; custom_margin=&#8221;||6px||false|false&#8221; custom_padding=&#8221;0px|0px|0px|0px|false|false&#8221; border_width_left=&#8221;5px&#8221; border_color_left=&#8221;#cc0000&#8243; open=&#8221;off&#8221;]<\/p>\n<p><img loading=\"lazy\" decoding=\"async\" src=\"https:\/\/www.autolift.info\/wp-content\/uploads\/2021\/04\/kophaza_autolift-300x225.jpg\" width=\"300\" height=\"225\" alt=\"\" class=\"wp-image-218688 alignnone size-medium\"><\/p>\n<p style=\"text-align: left;\">Od 1993 roku prowadzimy produkcj\u0119 w K\u00f3ph\u00e1za ko\u0142o Sopronu na W\u0119grzech. Przed upadkiem komunizmu Sopron by\u0142 najwi\u0119kszym miejscem produkcji wyposa\u017cenia warsztat\u00f3w w Europie Wschodniej i dzi\u0119ki temu znany by\u0142 jako miejsce z bardzo dobrze wyszkolonymi pracownikami i do\u015bwiadczonymi dostawcami. <\/p>\n<p>R\u00f3wnie\u017c dzi\u0119ki po\u0142o\u017ceniu bezpo\u015brednio przy granicy z Austri\u0105, zaledwie 65 km od mi\u0119dzynarodowego lotniska w Wiedniu, zak\u0142ad produkcyjny jest idealnie zlokalizowany i bardzo szybko dost\u0119pny dla naszych mi\u0119dzynarodowych klient\u00f3w.<br \/>W 2005 roku uko\u0144czono budow\u0119 naszego obecnego zak\u0142adu produkcyjnego, kt\u00f3ry ze wzgl\u0119du na silny rozw\u00f3j naszej Firmy zosta\u0142 rozbudowany w 2019 roku. Obecnie zatrudniamy w tej lokalizacji oko\u0142o 100 os\u00f3b. <\/p>\n<p>[\/et_pb_accordion_item][et_pb_accordion_item title=&#8221;LU\u017dNICE (MIND PARK) \/ SERBIA&#8221; _builder_version=&#8221;4.9.7&#8243; _module_preset=&#8221;default&#8221; custom_margin=&#8221;||6px||false|false&#8221; custom_padding=&#8221;0px|0px|0px|0px|false|false&#8221; border_width_left=&#8221;5px&#8221; border_color_left=&#8221;#cc0000&#8243; open=&#8221;off&#8221;]<\/p>\n<p><img loading=\"lazy\" decoding=\"async\" class=\"alignnone size-medium wp-image-243087\" src=\"https:\/\/www.autolift.info\/wp-content\/uploads\/2021\/06\/b_Prod-Serbien_01-300x225.jpg\" alt=\"\" width=\"300\" height=\"225\"> <img loading=\"lazy\" decoding=\"async\" class=\"alignnone size-medium wp-image-243092\" src=\"https:\/\/www.autolift.info\/wp-content\/uploads\/2021\/06\/b_Prod-Serbien_02-300x225.jpg\" alt=\"\" width=\"300\" height=\"225\"><\/p>\n<p>Ze wzgl\u0119du na coraz wi\u0119ksz\u0105 ilo\u015b\u0107 zam\u00f3wie\u0144 z Europy \u015arodkowej, g\u0142\u00f3wnie W\u0119gier i Polski, musieli\u015bmy otworzy\u0107 now\u0105 lokalizacj\u0119. Po tym jak coraz trudniej by\u0142o znale\u017a\u0107 wykwalifikowanych pracownik\u00f3w w Europie \u015arodkowej, a tak\u017ce w zachodnich W\u0119grzech, a z drugiej strony portfel zam\u00f3wie\u0144 coraz bardziej p\u0119cznia\u0142, za\u0142o\u017cenie kolejnej lokalizacji by\u0142o oczywiste.<\/p>\n<p>Wyb\u00f3r pad\u0142 na MIND Park w Lu\u017enice \/ Serbia. Ten klaster kolejowy jest siedzib\u0105 fabryki Siemensa dla tramwaju Avenio i producenta komponent\u00f3w kolejowych AMM, jak r\u00f3wnie\u017c innych dostawc\u00f3w dla rynku kolejowego. S\u0105 to idealne warunki dla firmy Autolift. Opr\u00f3cz du\u017cej liczby dobrze wyszkolonych technik\u00f3w i bardzo dobrej infrastruktury, istniej\u0105 r\u00f3wnie\u017c umowy o wolnym handlu z UE i wiele innych interesuj\u0105cych rynk\u00f3w.   <\/p>\n<p>W Lu\u017enicach prowadzimy produkcj\u0119 od czerwca 2019 r. W lutym 2021 r. zako\u0144czyli\u015bmy budow\u0119 nowego zak\u0142adu produkcyjnego z 4.000 mkw. powierzchni produkcyjnej i 400 mkw. powierzchni biurowej. Oznacza to, \u017ce mamy wystarczaj\u0105co du\u017co miejsca, aby stopniowo rozszerzy\u0107 nasz\u0105 obecn\u0105 si\u0142\u0119 robocz\u0105 60 pracownik\u00f3w (od marca 2021) do nawet 150 pracownik\u00f3w, w zale\u017cno\u015bci od wymaga\u0144 rynku.  <\/p>\n<p>[\/et_pb_accordion_item][\/et_pb_accordion][\/et_pb_column][\/et_pb_row][\/et_pb_section]<\/p>\n","protected":false},"excerpt":{"rendered":"<p>NASZE LOKALIZACJE Jest siedzib\u0105 g\u0142\u00f3wn\u0105 naszej Sp\u00f3\u0142ki. Tutaj znajduje si\u0119 zarz\u0105d, odbywa si\u0119 sprzeda\u017c, zarz\u0105dzanie produktami oraz projektowanie, planowanie produkcji, a tak\u017ce nasza ksi\u0119gowo\u015b\u0107 i serwis. Od 1993 roku prowadzimy produkcj\u0119 w K\u00f3ph\u00e1za ko\u0142o Sopronu na W\u0119grzech. Przed upadkiem komunizmu Sopron by\u0142 najwi\u0119kszym miejscem produkcji wyposa\u017cenia warsztat\u00f3w w Europie Wschodniej i dzi\u0119ki temu znany by\u0142 [&hellip;]<\/p>\n","protected":false},"author":1,"featured_media":0,"parent":247948,"menu_order":2,"comment_status":"closed","ping_status":"closed","template":"","meta":{"_et_pb_use_builder":"on","_et_pb_old_content":"","_et_gb_content_width":"","footnotes":""},"class_list":["post-247936","page","type-page","status-publish","hentry"],"_links":{"self":[{"href":"https:\/\/www.autolift.info\/pl\/wp-json\/wp\/v2\/pages\/247936","targetHints":{"allow":["GET"]}}],"collection":[{"href":"https:\/\/www.autolift.info\/pl\/wp-json\/wp\/v2\/pages"}],"about":[{"href":"https:\/\/www.autolift.info\/pl\/wp-json\/wp\/v2\/types\/page"}],"author":[{"embeddable":true,"href":"https:\/\/www.autolift.info\/pl\/wp-json\/wp\/v2\/users\/1"}],"replies":[{"embeddable":true,"href":"https:\/\/www.autolift.info\/pl\/wp-json\/wp\/v2\/comments?post=247936"}],"version-history":[{"count":9,"href":"https:\/\/www.autolift.info\/pl\/wp-json\/wp\/v2\/pages\/247936\/revisions"}],"predecessor-version":[{"id":249893,"href":"https:\/\/www.autolift.info\/pl\/wp-json\/wp\/v2\/pages\/247936\/revisions\/249893"}],"up":[{"embeddable":true,"href":"https:\/\/www.autolift.info\/pl\/wp-json\/wp\/v2\/pages\/247948"}],"wp:attachment":[{"href":"https:\/\/www.autolift.info\/pl\/wp-json\/wp\/v2\/media?parent=247936"}],"curies":[{"name":"wp","href":"https:\/\/api.w.org\/{rel}","templated":true}]}}