{"id":243740,"date":"2021-07-16T08:17:05","date_gmt":"2021-07-16T06:17:05","guid":{"rendered":"https:\/\/www.autolift.info\/home\/"},"modified":"2025-03-10T11:33:39","modified_gmt":"2025-03-10T10:33:39","slug":"home","status":"publish","type":"page","link":"https:\/\/www.autolift.info\/fr\/","title":{"rendered":"HOME"},"content":{"rendered":"<p>[et_pb_section fb_built=\u00a0\u00bb1&Prime; _builder_version=\u00a0\u00bb4.16&Prime; _module_preset=\u00a0\u00bbdefault\u00a0\u00bb custom_padding=\u00a0\u00bb0px||0px||true|false\u00a0\u00bb locked=\u00a0\u00bboff\u00a0\u00bb global_colors_info=\u00a0\u00bb{}\u00a0\u00bb][et_pb_row use_custom_gutter=\u00a0\u00bbon\u00a0\u00bb gutter_width=\u00a0\u00bb1&Prime; make_equal=\u00a0\u00bbon\u00a0\u00bb _builder_version=\u00a0\u00bb4.16&Prime; _module_preset=\u00a0\u00bbdefault\u00a0\u00bb width=\u00a0\u00bb100%\u00a0\u00bb max_width=\u00a0\u00bb100%\u00a0\u00bb custom_margin=\u00a0\u00bb||||false|false\u00a0\u00bb custom_padding=\u00a0\u00bb0px||0px||true|false\u00a0\u00bb global_colors_info=\u00a0\u00bb{}\u00a0\u00bb][et_pb_column type=\u00a0\u00bb4_4&Prime; _builder_version=\u00a0\u00bb4.16&Prime; _module_preset=\u00a0\u00bbdefault\u00a0\u00bb global_colors_info=\u00a0\u00bb{}\u00a0\u00bb][et_pb_slider show_pagination=\u00a0\u00bboff\u00a0\u00bb use_bg_overlay=\u00a0\u00bbon\u00a0\u00bb use_text_overlay=\u00a0\u00bboff\u00a0\u00bb module_class=\u00a0\u00bbautolift-slider\u00a0\u00bb _builder_version=\u00a0\u00bb4.17.4&Prime; _module_preset=\u00a0\u00bbdefault\u00a0\u00bb header_font=\u00a0\u00bb|700||on|||||\u00a0\u00bb header_font_size=\u00a0\u00bb60px\u00a0\u00bb background_color=\u00a0\u00bb#ECECEC\u00a0\u00bb background_enable_image=\u00a0\u00bboff\u00a0\u00bb height=\u00a0\u00bb600px\u00a0\u00bb height_tablet=\u00a0\u00bb450px\u00a0\u00bb height_phone=\u00a0\u00bb350px\u00a0\u00bb height_last_edited=\u00a0\u00bbon|phone\u00a0\u00bb auto=\u00a0\u00bbon\u00a0\u00bb auto_speed=\u00a0\u00bb5000&Prime; header_font_size_tablet=\u00a0\u00bb36px\u00a0\u00bb header_font_size_phone=\u00a0\u00bb26px\u00a0\u00bb header_font_size_last_edited=\u00a0\u00bbon|desktop\u00a0\u00bb global_colors_info=\u00a0\u00bb{}\u00a0\u00bb][et_pb_slide heading=\u00a0\u00bbColonnes de levage mobiles\u00a0\u00bb alignment=\u00a0\u00bbbottom\u00a0\u00bb admin_title=\u00a0\u00bbMobile B\u00f6cke Foto 3&Prime; _builder_version=\u00a0\u00bb4.17.4&Prime; _module_preset=\u00a0\u00bbdefault\u00a0\u00bb header_font=\u00a0\u00bb|700||on|||||\u00a0\u00bb header_text_align=\u00a0\u00bbleft\u00a0\u00bb header_font_size=\u00a0\u00bb60px\u00a0\u00bb background_color=\u00a0\u00bb#ECECEC\u00a0\u00bb background_enable_color=\u00a0\u00bbon\u00a0\u00bb background_image=\u00a0\u00bbhttps:\/\/www.autolift.info\/wp-content\/uploads\/2022\/07\/Trenitalia.jpg\u00a0\u00bb background_enable_image=\u00a0\u00bbon\u00a0\u00bb parallax=\u00a0\u00bbon\u00a0\u00bb parallax_method=\u00a0\u00bboff\u00a0\u00bb global_colors_info=\u00a0\u00bb{%22gcid-1e316c67-09f0-49b6-a876-cbbe87afea32%22:%91%93}\u00a0\u00bb custom_css_main_element__hover_enabled=\u00a0\u00bbon|desktop\u00a0\u00bb sticky_transition=\u00a0\u00bbon\u00a0\u00bb][\/et_pb_slide][et_pb_slide heading=\u00a0\u00bbDispositifs de levage enterr\u00e9s\u00a0\u00bb _builder_version=\u00a0\u00bb4.16&Prime; _module_preset=\u00a0\u00bbdefault\u00a0\u00bb background_color=\u00a0\u00bb#ECECEC\u00a0\u00bb background_enable_color=\u00a0\u00bbon\u00a0\u00bb background_image=\u00a0\u00bbhttps:\/\/www.autolift.info\/wp-content\/uploads\/2021\/04\/04_unterflurhebeanlage_autolift_V2.jpg\u00a0\u00bb background_enable_image=\u00a0\u00bbon\u00a0\u00bb global_colors_info=\u00a0\u00bb{}\u00a0\u00bb sticky_transition=\u00a0\u00bbon\u00a0\u00bb][\/et_pb_slide][et_pb_slide heading=\u00a0\u00bbColonnes de levage mobiles\u00a0\u00bb admin_title=\u00a0\u00bbMobile B\u00f6cke Foto 2&Prime; _builder_version=\u00a0\u00bb4.17.4&Prime; _module_preset=\u00a0\u00bbdefault\u00a0\u00bb header_font=\u00a0\u00bb|700||on|||||\u00a0\u00bb header_text_align=\u00a0\u00bbleft\u00a0\u00bb header_font_size=\u00a0\u00bb60px\u00a0\u00bb background_color=\u00a0\u00bb#ECECEC\u00a0\u00bb background_enable_color=\u00a0\u00bbon\u00a0\u00bb background_image=\u00a0\u00bbhttps:\/\/www.autolift.info\/wp-content\/uploads\/2021\/04\/02_mobile_boecke_autolift_V8.jpg\u00a0\u00bb background_enable_image=\u00a0\u00bbon\u00a0\u00bb parallax=\u00a0\u00bbon\u00a0\u00bb parallax_method=\u00a0\u00bboff\u00a0\u00bb global_colors_info=\u00a0\u00bb{%22gcid-1e316c67-09f0-49b6-a876-cbbe87afea32%22:%91%93}\u00a0\u00bb sticky_transition=\u00a0\u00bbon\u00a0\u00bb][\/et_pb_slide][et_pb_slide heading=\u00a0\u00bbDispositifs de levage enterr\u00e9s\u00a0\u00bb _builder_version=\u00a0\u00bb4.16&Prime; _module_preset=\u00a0\u00bbdefault\u00a0\u00bb background_color=\u00a0\u00bb#ECECEC\u00a0\u00bb background_enable_color=\u00a0\u00bbon\u00a0\u00bb background_image=\u00a0\u00bbhttps:\/\/www.autolift.info\/wp-content\/uploads\/2021\/04\/04_unterflurhebeanlage_autolift_V6.jpg\u00a0\u00bb background_enable_image=\u00a0\u00bbon\u00a0\u00bb global_colors_info=\u00a0\u00bb{}\u00a0\u00bb sticky_transition=\u00a0\u00bbon\u00a0\u00bb][\/et_pb_slide][et_pb_slide heading=\u00a0\u00bbPlaque tournante pour bogies\u00a0\u00bb _builder_version=\u00a0\u00bb4.16&Prime; _module_preset=\u00a0\u00bbdefault\u00a0\u00bb background_color=\u00a0\u00bb#ECECEC\u00a0\u00bb background_enable_color=\u00a0\u00bbon\u00a0\u00bb background_image=\u00a0\u00bbhttps:\/\/www.autolift.info\/wp-content\/uploads\/2021\/04\/01_bogie_turn_table_autolift_b.jpg\u00a0\u00bb background_enable_image=\u00a0\u00bbon\u00a0\u00bb global_colors_info=\u00a0\u00bb{}\u00a0\u00bb sticky_transition=\u00a0\u00bbon\u00a0\u00bb][\/et_pb_slide][et_pb_slide heading=\u00a0\u00bbColonnes de levage mobiles\u00a0\u00bb alignment=\u00a0\u00bbbottom\u00a0\u00bb admin_title=\u00a0\u00bbMobile B\u00f6cke Foto 1&Prime; _builder_version=\u00a0\u00bb4.17.4&Prime; _module_preset=\u00a0\u00bbdefault\u00a0\u00bb header_font=\u00a0\u00bb|700||on|||||\u00a0\u00bb header_text_align=\u00a0\u00bbleft\u00a0\u00bb header_font_size=\u00a0\u00bb60px\u00a0\u00bb background_color=\u00a0\u00bb#ECECEC\u00a0\u00bb background_enable_color=\u00a0\u00bbon\u00a0\u00bb background_image=\u00a0\u00bbhttps:\/\/www.autolift.info\/wp-content\/uploads\/2021\/04\/02_mobile_boecke_autolift_V6.jpg\u00a0\u00bb background_enable_image=\u00a0\u00bbon\u00a0\u00bb parallax=\u00a0\u00bbon\u00a0\u00bb parallax_method=\u00a0\u00bboff\u00a0\u00bb global_colors_info=\u00a0\u00bb{%22gcid-1e316c67-09f0-49b6-a876-cbbe87afea32%22:%91%93}\u00a0\u00bb custom_css_main_element__hover_enabled=\u00a0\u00bbon|desktop\u00a0\u00bb sticky_transition=\u00a0\u00bbon\u00a0\u00bb][\/et_pb_slide][et_pb_slide heading=\u00a0\u00bbPlaque de levage motoris\u00e9e\u00a0\u00bb _builder_version=\u00a0\u00bb4.16&Prime; _module_preset=\u00a0\u00bbdefault\u00a0\u00bb background_color=\u00a0\u00bb#ECECEC\u00a0\u00bb background_enable_color=\u00a0\u00bbon\u00a0\u00bb background_image=\u00a0\u00bbhttps:\/\/www.autolift.info\/wp-content\/uploads\/2021\/04\/03_selbstfahrende_hubtische_autolift.jpg\u00a0\u00bb background_enable_image=\u00a0\u00bbon\u00a0\u00bb global_colors_info=\u00a0\u00bb{}\u00a0\u00bb sticky_transition=\u00a0\u00bbon\u00a0\u00bb][\/et_pb_slide][\/et_pb_slider][\/et_pb_column][\/et_pb_row][\/et_pb_section][et_pb_section fb_built=\u00a0\u00bb1&Prime; _builder_version=\u00a0\u00bb4.16&Prime; _module_preset=\u00a0\u00bbdefault\u00a0\u00bb custom_padding=\u00a0\u00bb0px||||false|false\u00a0\u00bb locked=\u00a0\u00bboff\u00a0\u00bb global_colors_info=\u00a0\u00bb{}\u00a0\u00bb][et_pb_row use_custom_gutter=\u00a0\u00bbon\u00a0\u00bb gutter_width=\u00a0\u00bb1&Prime; _builder_version=\u00a0\u00bb4.16&Prime; _module_preset=\u00a0\u00bbdefault\u00a0\u00bb background_color=\u00a0\u00bb#FFFFFF\u00a0\u00bb module_alignment=\u00a0\u00bbcenter\u00a0\u00bb custom_margin=\u00a0\u00bb||0px||false|false\u00a0\u00bb custom_padding=\u00a0\u00bb0px||0px||false|true\u00a0\u00bb animation_direction=\u00a0\u00bbbottom\u00a0\u00bb custom_css_main_element=\u00a0\u00bbz-index:10;\u00a0\u00bb global_colors_info=\u00a0\u00bb{}\u00a0\u00bb][et_pb_column type=\u00a0\u00bb4_4&Prime; _builder_version=\u00a0\u00bb4.16&Prime; _module_preset=\u00a0\u00bbdefault\u00a0\u00bb global_colors_info=\u00a0\u00bb{}\u00a0\u00bb][et_pb_text admin_label=\u00a0\u00bbNews headline\u00a0\u00bb module_class=\u00a0\u00bbime-pattern-rot\u00a0\u00bb _builder_version=\u00a0\u00bb4.16&Prime; _module_preset=\u00a0\u00bbdefault\u00a0\u00bb text_font=\u00a0\u00bb||||||||\u00a0\u00bb header_font=\u00a0\u00bb||||||||\u00a0\u00bb header_text_color=\u00a0\u00bbgcid-01af1b29-4bf7-44fe-a473-50909a3a5b27&Prime; header_2_font=\u00a0\u00bb|800||on|||||\u00a0\u00bb header_2_text_color=\u00a0\u00bbgcid-4ebc9de5-e061-4b45-94a8-080fa0de0610&Prime; header_2_font_size=\u00a0\u00bb40px\u00a0\u00bb header_3_font=\u00a0\u00bb|700||on|||||\u00a0\u00bb header_3_font_size=\u00a0\u00bb40px\u00a0\u00bb background_color=\u00a0\u00bb#FFFFFF\u00a0\u00bb background_size=\u00a0\u00bbinitial\u00a0\u00bb background_repeat=\u00a0\u00bbrepeat\u00a0\u00bb background_blend=\u00a0\u00bbdifference\u00a0\u00bb custom_margin=\u00a0\u00bb-90px||0px||false|false\u00a0\u00bb custom_margin_tablet=\u00a0\u00bb-80px||||false|false\u00a0\u00bb custom_margin_phone=\u00a0\u00bb-72px||||false|false\u00a0\u00bb custom_margin_last_edited=\u00a0\u00bbon|desktop\u00a0\u00bb custom_padding=\u00a0\u00bb25px||15px|30px|false|false\u00a0\u00bb header_2_font_size_tablet=\u00a0\u00bb30px\u00a0\u00bb header_2_font_size_phone=\u00a0\u00bb24px\u00a0\u00bb header_2_font_size_last_edited=\u00a0\u00bbon|desktop\u00a0\u00bb global_colors_info=\u00a0\u00bb{%22gcid-7df05597-327a-4e7a-9bc4-7a2456ed480c%22:%91%93,%22gcid-01af1b29-4bf7-44fe-a473-50909a3a5b27%22:%91%22header_text_color%22,%22header_text_color%22%93,%22gcid-4ebc9de5-e061-4b45-94a8-080fa0de0610%22:%91%22header_2_text_color%22,%22header_2_text_color%22%93,%22gcid-07156617-efbb-4c8c-80ba-1d2279245b1d%22:%91%93}\u00a0\u00bb]<\/p>\n<h2>Nouveaut\u00e9<\/h2>\n<p>[\/et_pb_text][\/et_pb_column][\/et_pb_row][et_pb_row use_custom_gutter=\u00a0\u00bbon\u00a0\u00bb gutter_width=\u00a0\u00bb2&Prime; admin_label=\u00a0\u00bbBlog\u00a0\u00bb _builder_version=\u00a0\u00bb4.16&Prime; _module_preset=\u00a0\u00bbdefault\u00a0\u00bb custom_padding=\u00a0\u00bb|30px||30px|false|true\u00a0\u00bb animation_direction=\u00a0\u00bbbottom\u00a0\u00bb locked=\u00a0\u00bboff\u00a0\u00bb global_colors_info=\u00a0\u00bb{}\u00a0\u00bb][et_pb_column type=\u00a0\u00bb4_4&Prime; _builder_version=\u00a0\u00bb4.16&Prime; _module_preset=\u00a0\u00bbdefault\u00a0\u00bb global_colors_info=\u00a0\u00bb{}\u00a0\u00bb][et_pb_blog posts_number=\u00a0\u00bb1&Prime; show_more=\u00a0\u00bbon\u00a0\u00bb show_author=\u00a0\u00bboff\u00a0\u00bb show_date=\u00a0\u00bboff\u00a0\u00bb show_categories=\u00a0\u00bboff\u00a0\u00bb show_pagination=\u00a0\u00bboff\u00a0\u00bb module_class=\u00a0\u00bbimage-on-the-left\u00a0\u00bb _builder_version=\u00a0\u00bb4.16&Prime; _module_preset=\u00a0\u00bbdefault\u00a0\u00bb read_more_text_color=\u00a0\u00bb#1E317B\u00a0\u00bb custom_css_read_more=\u00a0\u00bbmargin-top: 30px;\u00a0\u00bb global_colors_info=\u00a0\u00bb{}\u00a0\u00bb][\/et_pb_blog][et_pb_button button_url=\u00a0\u00bbhttps:\/\/www.autolift.info\/fr\/nouveaute\/\u00a0\u00bb button_text=\u00a0\u00bbToutes les cotisations\u00a0\u00bb button_alignment=\u00a0\u00bbcenter\u00a0\u00bb _builder_version=\u00a0\u00bb4.16&Prime; _module_preset=\u00a0\u00bbdefault\u00a0\u00bb locked=\u00a0\u00bboff\u00a0\u00bb global_colors_info=\u00a0\u00bb{}\u00a0\u00bb][\/et_pb_button][\/et_pb_column][\/et_pb_row][\/et_pb_section][et_pb_section fb_built=\u00a0\u00bb1&Prime; admin_label=\u00a0\u00bbunternehmen section\u00a0\u00bb _builder_version=\u00a0\u00bb4.16&Prime; _module_preset=\u00a0\u00bbdefault\u00a0\u00bb background_color=\u00a0\u00bb#f8f8f8&Prime; custom_padding=\u00a0\u00bb0px||0px||false|false\u00a0\u00bb animation_direction=\u00a0\u00bbbottom\u00a0\u00bb locked=\u00a0\u00bboff\u00a0\u00bb global_colors_info=\u00a0\u00bb{}\u00a0\u00bb][et_pb_row use_custom_gutter=\u00a0\u00bbon\u00a0\u00bb gutter_width=\u00a0\u00bb1&Prime; admin_label=\u00a0\u00bbUnternehmen titel\u00a0\u00bb _builder_version=\u00a0\u00bb4.16&Prime; _module_preset=\u00a0\u00bbdefault\u00a0\u00bb background_color=\u00a0\u00bb#FFFFFF\u00a0\u00bb module_alignment=\u00a0\u00bbcenter\u00a0\u00bb min_height=\u00a0\u00bb142px\u00a0\u00bb custom_margin=\u00a0\u00bb|auto||auto|false|false\u00a0\u00bb custom_padding=\u00a0\u00bb0px||0px||true|true\u00a0\u00bb custom_css_main_element=\u00a0\u00bbz-index:10;\u00a0\u00bb locked=\u00a0\u00bboff\u00a0\u00bb global_colors_info=\u00a0\u00bb{}\u00a0\u00bb][et_pb_column type=\u00a0\u00bb4_4&Prime; _builder_version=\u00a0\u00bb4.16&Prime; _module_preset=\u00a0\u00bbdefault\u00a0\u00bb global_colors_info=\u00a0\u00bb{}\u00a0\u00bb][et_pb_text admin_label=\u00a0\u00bbUnternehmen\u00a0\u00bb module_class=\u00a0\u00bbime-pattern-rot\u00a0\u00bb _builder_version=\u00a0\u00bb4.22.1&Prime; _module_preset=\u00a0\u00bbdefault\u00a0\u00bb text_font=\u00a0\u00bb||||||||\u00a0\u00bb header_font=\u00a0\u00bb||||||||\u00a0\u00bb header_text_color=\u00a0\u00bbgcid-01af1b29-4bf7-44fe-a473-50909a3a5b27&Prime; header_2_font=\u00a0\u00bb|800||on|||||\u00a0\u00bb header_2_text_color=\u00a0\u00bbgcid-4ebc9de5-e061-4b45-94a8-080fa0de0610&Prime; header_2_font_size=\u00a0\u00bb40px\u00a0\u00bb header_3_font=\u00a0\u00bb|700||on|||||\u00a0\u00bb header_3_font_size=\u00a0\u00bb40px\u00a0\u00bb background_size=\u00a0\u00bbinitial\u00a0\u00bb background_repeat=\u00a0\u00bbrepeat\u00a0\u00bb background_blend=\u00a0\u00bbdifference\u00a0\u00bb custom_padding=\u00a0\u00bb25px||15px|30px|false|false\u00a0\u00bb header_2_font_size_tablet=\u00a0\u00bb30px\u00a0\u00bb header_2_font_size_phone=\u00a0\u00bb24px\u00a0\u00bb header_2_font_size_last_edited=\u00a0\u00bbon|desktop\u00a0\u00bb locked=\u00a0\u00bboff\u00a0\u00bb global_colors_info=\u00a0\u00bb{%22gcid-7df05597-327a-4e7a-9bc4-7a2456ed480c%22:%91%93,%22gcid-01af1b29-4bf7-44fe-a473-50909a3a5b27%22:%91%22header_text_color%22,%22header_text_color%22%93,%22gcid-4ebc9de5-e061-4b45-94a8-080fa0de0610%22:%91%22header_2_text_color%22,%22header_2_text_color%22%93,%22gcid-07156617-efbb-4c8c-80ba-1d2279245b1d%22:%91%93}\u00a0\u00bb]<\/p>\n<h2>Entreprise<\/h2>\n<p>[\/et_pb_text][\/et_pb_column][\/et_pb_row][et_pb_row column_structure=\u00a0\u00bb1_2,1_2&Prime; admin_label=\u00a0\u00bbunternehmen content\u00a0\u00bb _builder_version=\u00a0\u00bb4.16&Prime; _module_preset=\u00a0\u00bbdefault\u00a0\u00bb background_color=\u00a0\u00bb#FFFFFF\u00a0\u00bb custom_margin=\u00a0\u00bb||||false|false\u00a0\u00bb custom_padding=\u00a0\u00bb30px|30px|60px|30px|false|true\u00a0\u00bb global_colors_info=\u00a0\u00bb{}\u00a0\u00bb][et_pb_column type=\u00a0\u00bb1_2&Prime; _builder_version=\u00a0\u00bb4.16&Prime; _module_preset=\u00a0\u00bbdefault\u00a0\u00bb custom_padding=\u00a0\u00bb20px|20px|20px|20px|true|true\u00a0\u00bb global_colors_info=\u00a0\u00bb{}\u00a0\u00bb][et_pb_text admin_label=\u00a0\u00bbDie eigent\u00fcmergef\u00fchrte Firma Autolift GmbH\u00a0\u00bb module_class=\u00a0\u00bbime-ytextlink\u00a0\u00bb _builder_version=\u00a0\u00bb4.22.1&Prime; _module_preset=\u00a0\u00bbdefault\u00a0\u00bb global_colors_info=\u00a0\u00bb{}\u00a0\u00bb]<\/p>\n<p>L&rsquo;entreprise Autolift GmbH \u2013 Autolift pour les intimes &#8211; est g\u00e9r\u00e9e par son propri\u00e9taire. Elle con\u00e7oit, fabrique, vend et entretient des installations de levage dans le domaine des automotrices pour le secteur des v\u00e9hicules ferroviaires et l&rsquo;industrie depuis pr\u00e8s de 35 ans. Elle dispose actuellement de deux sites de production. <\/p>\n<p>[\/et_pb_text][et_pb_button button_url=\u00a0\u00bbhttps:\/\/www.autolift.info\/fr\/entreprise\/\u00a0\u00bb button_text=\u00a0\u00bbapprendre encore plus\u00a0\u00bb _builder_version=\u00a0\u00bb4.16&Prime; _module_preset=\u00a0\u00bbdefault\u00a0\u00bb global_colors_info=\u00a0\u00bb{%22gcid-1e316c67-09f0-49b6-a876-cbbe87afea32%22:%91%22button_bg_color%22%93}\u00a0\u00bb][\/et_pb_button][\/et_pb_column][et_pb_column type=\u00a0\u00bb1_2&Prime; _builder_version=\u00a0\u00bb4.16&Prime; _module_preset=\u00a0\u00bbdefault\u00a0\u00bb global_colors_info=\u00a0\u00bb{}\u00a0\u00bb][et_pb_image src=\u00a0\u00bbhttps:\/\/www.autolift.info\/wp-content\/uploads\/2021\/03\/ime-autolift-salzburg-standort-elixhausen.jpg\u00a0\u00bb title_text=\u00a0\u00bbime-autolift-salzburg-standort-elixhausen\u00a0\u00bb _builder_version=\u00a0\u00bb4.16&Prime; _module_preset=\u00a0\u00bbdefault\u00a0\u00bb global_colors_info=\u00a0\u00bb{}\u00a0\u00bb][\/et_pb_image][\/et_pb_column][\/et_pb_row][\/et_pb_section][et_pb_section fb_built=\u00a0\u00bb1&Prime; admin_label=\u00a0\u00bbunternehmen section\u00a0\u00bb _builder_version=\u00a0\u00bb4.16&Prime; _module_preset=\u00a0\u00bbdefault\u00a0\u00bb background_color=\u00a0\u00bb#f8f8f8&Prime; custom_padding=\u00a0\u00bb0px||0px||false|false\u00a0\u00bb animation_direction=\u00a0\u00bbbottom\u00a0\u00bb locked=\u00a0\u00bboff\u00a0\u00bb global_colors_info=\u00a0\u00bb{}\u00a0\u00bb][et_pb_row use_custom_gutter=\u00a0\u00bbon\u00a0\u00bb gutter_width=\u00a0\u00bb1&Prime; admin_label=\u00a0\u00bbUnternehmen titel\u00a0\u00bb _builder_version=\u00a0\u00bb4.16&Prime; _module_preset=\u00a0\u00bbdefault\u00a0\u00bb background_color=\u00a0\u00bb#FFFFFF\u00a0\u00bb module_alignment=\u00a0\u00bbcenter\u00a0\u00bb min_height=\u00a0\u00bb142px\u00a0\u00bb custom_margin=\u00a0\u00bb|auto||auto|false|false\u00a0\u00bb custom_padding=\u00a0\u00bb0px||0px||true|true\u00a0\u00bb custom_css_main_element=\u00a0\u00bbz-index:10;\u00a0\u00bb locked=\u00a0\u00bboff\u00a0\u00bb global_colors_info=\u00a0\u00bb{}\u00a0\u00bb][et_pb_column type=\u00a0\u00bb4_4&Prime; _builder_version=\u00a0\u00bb4.16&Prime; _module_preset=\u00a0\u00bbdefault\u00a0\u00bb global_colors_info=\u00a0\u00bb{}\u00a0\u00bb][et_pb_text admin_label=\u00a0\u00bbProdukte\u00a0\u00bb module_class=\u00a0\u00bbime-pattern-rot\u00a0\u00bb _builder_version=\u00a0\u00bb4.16&Prime; _module_preset=\u00a0\u00bbdefault\u00a0\u00bb text_font=\u00a0\u00bb||||||||\u00a0\u00bb header_font=\u00a0\u00bb||||||||\u00a0\u00bb header_text_color=\u00a0\u00bbgcid-01af1b29-4bf7-44fe-a473-50909a3a5b27&Prime; header_2_font=\u00a0\u00bb|800||on|||||\u00a0\u00bb header_2_text_color=\u00a0\u00bbgcid-4ebc9de5-e061-4b45-94a8-080fa0de0610&Prime; header_2_font_size=\u00a0\u00bb40px\u00a0\u00bb header_3_font=\u00a0\u00bb|700||on|||||\u00a0\u00bb header_3_font_size=\u00a0\u00bb40px\u00a0\u00bb background_size=\u00a0\u00bbinitial\u00a0\u00bb background_repeat=\u00a0\u00bbrepeat\u00a0\u00bb background_blend=\u00a0\u00bbdifference\u00a0\u00bb custom_padding=\u00a0\u00bb25px||15px|30px|false|false\u00a0\u00bb header_2_font_size_tablet=\u00a0\u00bb30px\u00a0\u00bb header_2_font_size_phone=\u00a0\u00bb24px\u00a0\u00bb header_2_font_size_last_edited=\u00a0\u00bbon|desktop\u00a0\u00bb locked=\u00a0\u00bboff\u00a0\u00bb global_colors_info=\u00a0\u00bb{%22gcid-7df05597-327a-4e7a-9bc4-7a2456ed480c%22:%91%93,%22gcid-01af1b29-4bf7-44fe-a473-50909a3a5b27%22:%91%22header_text_color%22,%22header_text_color%22%93,%22gcid-4ebc9de5-e061-4b45-94a8-080fa0de0610%22:%91%22header_2_text_color%22,%22header_2_text_color%22%93,%22gcid-07156617-efbb-4c8c-80ba-1d2279245b1d%22:%91%93}\u00a0\u00bb]<\/p>\n<h2>Produits<\/h2>\n<p>[\/et_pb_text][\/et_pb_column][\/et_pb_row][et_pb_row column_structure=\u00a0\u00bb1_2,1_2&Prime; admin_label=\u00a0\u00bbunternehmen content\u00a0\u00bb _builder_version=\u00a0\u00bb4.16&Prime; _module_preset=\u00a0\u00bbdefault\u00a0\u00bb background_color=\u00a0\u00bb#FFFFFF\u00a0\u00bb custom_margin=\u00a0\u00bb||||false|false\u00a0\u00bb custom_padding=\u00a0\u00bb30px|30px|60px|30px|false|true\u00a0\u00bb global_colors_info=\u00a0\u00bb{}\u00a0\u00bb][et_pb_column type=\u00a0\u00bb1_2&Prime; _builder_version=\u00a0\u00bb4.16&Prime; _module_preset=\u00a0\u00bbdefault\u00a0\u00bb custom_padding=\u00a0\u00bb20px|20px|20px|20px|true|true\u00a0\u00bb global_colors_info=\u00a0\u00bb{}\u00a0\u00bb][et_pb_image src=\u00a0\u00bbhttps:\/\/www.autolift.info\/wp-content\/uploads\/2021\/03\/ime-autolift-mobile-hebeboeke-bis-12-tonnen-05.jpg\u00a0\u00bb title_text=\u00a0\u00bbime-autolift-mobile-hebeboeke-bis-12&#8211;tonnen-05&Prime; _builder_version=\u00a0\u00bb4.16&Prime; _module_preset=\u00a0\u00bbdefault\u00a0\u00bb global_colors_info=\u00a0\u00bb{}\u00a0\u00bb][\/et_pb_image][\/et_pb_column][et_pb_column type=\u00a0\u00bb1_2&Prime; _builder_version=\u00a0\u00bb4.16&Prime; _module_preset=\u00a0\u00bbdefault\u00a0\u00bb custom_padding=\u00a0\u00bb20px|20px|20px|20px|true|true\u00a0\u00bb global_colors_info=\u00a0\u00bb{}\u00a0\u00bb][et_pb_text admin_label=\u00a0\u00bbAutolift Hebeanlagen f\u00fcr Schienenfahrzeuge sind in 70 L\u00e4ndern (Stand Mai 2021)\u00a0\u00bb module_class=\u00a0\u00bbime-ytextlink\u00a0\u00bb _builder_version=\u00a0\u00bb4.16&Prime; _module_preset=\u00a0\u00bbdefault\u00a0\u00bb global_colors_info=\u00a0\u00bb{}\u00a0\u00bb]<\/p>\n<p>Dans 70 pays (au mois de mai 2021), on peut trouver des installations de levage de mat\u00e9riel roulant sur tous les continents, sur les sites de production de v\u00e9hicules ferroviaires de renom, dans les d\u00e9p\u00f4ts d\u2019entretien des entreprises de transport public et priv\u00e9 et dans un grand nombre d\u2019ateliers de r\u00e9paration de trains de passagers et de marchandises. D\u00e9couvrez ici une vue d\u2019ensemble de notre vaste gamme de produits.  <\/p>\n<p>[\/et_pb_text][et_pb_button button_url=\u00a0\u00bbhttps:\/\/www.autolift.info\/fr\/produits\/\u00a0\u00bb button_text=\u00a0\u00bbapprendre encore plus\u00a0\u00bb _builder_version=\u00a0\u00bb4.16&Prime; _module_preset=\u00a0\u00bbdefault\u00a0\u00bb global_colors_info=\u00a0\u00bb{%22gcid-1e316c67-09f0-49b6-a876-cbbe87afea32%22:%91%22button_bg_color%22%93}\u00a0\u00bb][\/et_pb_button][\/et_pb_column][\/et_pb_row][\/et_pb_section][et_pb_section fb_built=\u00a0\u00bb1&Prime; admin_label=\u00a0\u00bbunternehmen section\u00a0\u00bb _builder_version=\u00a0\u00bb4.16&Prime; _module_preset=\u00a0\u00bbdefault\u00a0\u00bb background_color=\u00a0\u00bb#f8f8f8&Prime; custom_padding=\u00a0\u00bb0px||0px||false|false\u00a0\u00bb animation_direction=\u00a0\u00bbbottom\u00a0\u00bb locked=\u00a0\u00bboff\u00a0\u00bb global_colors_info=\u00a0\u00bb{}\u00a0\u00bb][et_pb_row use_custom_gutter=\u00a0\u00bbon\u00a0\u00bb gutter_width=\u00a0\u00bb1&Prime; admin_label=\u00a0\u00bbUnternehmen titel\u00a0\u00bb _builder_version=\u00a0\u00bb4.16&Prime; _module_preset=\u00a0\u00bbdefault\u00a0\u00bb background_color=\u00a0\u00bb#FFFFFF\u00a0\u00bb module_alignment=\u00a0\u00bbcenter\u00a0\u00bb min_height=\u00a0\u00bb142px\u00a0\u00bb custom_margin=\u00a0\u00bb|auto||auto|false|false\u00a0\u00bb custom_padding=\u00a0\u00bb0px||0px||true|true\u00a0\u00bb custom_css_main_element=\u00a0\u00bbz-index:10;\u00a0\u00bb locked=\u00a0\u00bboff\u00a0\u00bb global_colors_info=\u00a0\u00bb{}\u00a0\u00bb][et_pb_column type=\u00a0\u00bb4_4&Prime; _builder_version=\u00a0\u00bb4.16&Prime; _module_preset=\u00a0\u00bbdefault\u00a0\u00bb global_colors_info=\u00a0\u00bb{}\u00a0\u00bb][et_pb_text admin_label=\u00a0\u00bbMietanlagen\u00a0\u00bb module_class=\u00a0\u00bbime-pattern-rot\u00a0\u00bb _builder_version=\u00a0\u00bb4.16&Prime; _module_preset=\u00a0\u00bbdefault\u00a0\u00bb text_font=\u00a0\u00bb||||||||\u00a0\u00bb header_font=\u00a0\u00bb||||||||\u00a0\u00bb header_text_color=\u00a0\u00bbgcid-01af1b29-4bf7-44fe-a473-50909a3a5b27&Prime; header_2_font=\u00a0\u00bb|800||on|||||\u00a0\u00bb header_2_text_color=\u00a0\u00bbgcid-4ebc9de5-e061-4b45-94a8-080fa0de0610&Prime; header_2_font_size=\u00a0\u00bb40px\u00a0\u00bb header_3_font=\u00a0\u00bb|700||on|||||\u00a0\u00bb header_3_font_size=\u00a0\u00bb40px\u00a0\u00bb background_size=\u00a0\u00bbinitial\u00a0\u00bb background_repeat=\u00a0\u00bbrepeat\u00a0\u00bb background_blend=\u00a0\u00bbdifference\u00a0\u00bb custom_padding=\u00a0\u00bb25px||15px|30px|false|false\u00a0\u00bb header_2_font_size_tablet=\u00a0\u00bb30px\u00a0\u00bb header_2_font_size_phone=\u00a0\u00bb24px\u00a0\u00bb header_2_font_size_last_edited=\u00a0\u00bbon|desktop\u00a0\u00bb locked=\u00a0\u00bboff\u00a0\u00bb global_colors_info=\u00a0\u00bb{%22gcid-7df05597-327a-4e7a-9bc4-7a2456ed480c%22:%91%93,%22gcid-01af1b29-4bf7-44fe-a473-50909a3a5b27%22:%91%22header_text_color%22,%22header_text_color%22%93,%22gcid-4ebc9de5-e061-4b45-94a8-080fa0de0610%22:%91%22header_2_text_color%22,%22header_2_text_color%22%93,%22gcid-07156617-efbb-4c8c-80ba-1d2279245b1d%22:%91%93}\u00a0\u00bb]<\/p>\n<h2>Actifs locatifs<\/h2>\n<p>[\/et_pb_text][\/et_pb_column][\/et_pb_row][et_pb_row column_structure=\u00a0\u00bb1_2,1_2&Prime; admin_label=\u00a0\u00bbunternehmen content\u00a0\u00bb _builder_version=\u00a0\u00bb4.16&Prime; _module_preset=\u00a0\u00bbdefault\u00a0\u00bb background_color=\u00a0\u00bb#FFFFFF\u00a0\u00bb custom_margin=\u00a0\u00bb||||false|false\u00a0\u00bb custom_padding=\u00a0\u00bb30px|30px|60px|30px|false|true\u00a0\u00bb global_colors_info=\u00a0\u00bb{}\u00a0\u00bb][et_pb_column type=\u00a0\u00bb1_2&Prime; _builder_version=\u00a0\u00bb4.16&Prime; _module_preset=\u00a0\u00bbdefault\u00a0\u00bb custom_padding=\u00a0\u00bb20px|20px|20px|20px|true|true\u00a0\u00bb global_colors_info=\u00a0\u00bb{}\u00a0\u00bb][et_pb_text admin_label=\u00a0\u00bbSollten Sie einen vor\u00fcbergehenden Bedarf an mobilen Hebeb\u00f6cken f\u00fcr Schienenfahrzeugen haben\u00a0\u00bb module_class=\u00a0\u00bbime-ytextlink\u00a0\u00bb _builder_version=\u00a0\u00bb4.16&Prime; _module_preset=\u00a0\u00bbdefault\u00a0\u00bb global_colors_info=\u00a0\u00bb{}\u00a0\u00bb]<\/p>\n<p>Si vous avez un besoin temporaire de dispositifs d\u2019\u00e9l\u00e9vatrice mobiles pour les v\u00e9hicules ferroviaires, vous trouverez ici quelque chose. Nous maintenons les installations de levage les plus courantes dans notre parc de location et les mettons \u00e0 la disposition de nos clients en cas de besoin. Les installations sont adapt\u00e9es de mani\u00e8re que les wagons individuels et les trains complets puissent \u00eatre soulev\u00e9s. Notre \u00e9quipe commerciale est heureuse de vous conseiller.   <\/p>\n<p>[\/et_pb_text][et_pb_button button_url=\u00a0\u00bbhttps:\/\/www.autolift.info\/fr\/installations-a-louer\/\u00a0\u00bb button_text=\u00a0\u00bbapprendre encore plus\u00a0\u00bb _builder_version=\u00a0\u00bb4.16&Prime; _module_preset=\u00a0\u00bbdefault\u00a0\u00bb global_colors_info=\u00a0\u00bb{%22gcid-1e316c67-09f0-49b6-a876-cbbe87afea32%22:%91%22button_bg_color%22%93}\u00a0\u00bb][\/et_pb_button][\/et_pb_column][et_pb_column type=\u00a0\u00bb1_2&Prime; _builder_version=\u00a0\u00bb4.16&Prime; _module_preset=\u00a0\u00bbdefault\u00a0\u00bb global_colors_info=\u00a0\u00bb{}\u00a0\u00bb][et_pb_image src=\u00a0\u00bbhttps:\/\/www.autolift.info\/wp-content\/uploads\/2021\/05\/mietanlage_autolift.jpg\u00a0\u00bb title_text=\u00a0\u00bbGalerie de mod\u00e8les\u00a0\u00bb _builder_version=\u00a0\u00bb4.16&Prime; _module_preset=\u00a0\u00bbdefault\u00a0\u00bb global_colors_info=\u00a0\u00bb{}\u00a0\u00bb][\/et_pb_image][\/et_pb_column][\/et_pb_row][\/et_pb_section][et_pb_section fb_built=\u00a0\u00bb1&Prime; admin_label=\u00a0\u00bbunternehmen section\u00a0\u00bb _builder_version=\u00a0\u00bb4.16&Prime; _module_preset=\u00a0\u00bbdefault\u00a0\u00bb background_color=\u00a0\u00bb#f8f8f8&Prime; custom_padding=\u00a0\u00bb0px||0px||false|false\u00a0\u00bb animation_direction=\u00a0\u00bbbottom\u00a0\u00bb locked=\u00a0\u00bboff\u00a0\u00bb global_colors_info=\u00a0\u00bb{}\u00a0\u00bb][et_pb_row use_custom_gutter=\u00a0\u00bbon\u00a0\u00bb gutter_width=\u00a0\u00bb1&Prime; admin_label=\u00a0\u00bbUnternehmen titel\u00a0\u00bb _builder_version=\u00a0\u00bb4.16&Prime; _module_preset=\u00a0\u00bbdefault\u00a0\u00bb background_color=\u00a0\u00bb#FFFFFF\u00a0\u00bb module_alignment=\u00a0\u00bbcenter\u00a0\u00bb min_height=\u00a0\u00bb142px\u00a0\u00bb custom_margin=\u00a0\u00bb|auto||auto|false|false\u00a0\u00bb custom_padding=\u00a0\u00bb0px||0px||true|true\u00a0\u00bb custom_css_main_element=\u00a0\u00bbz-index:10;\u00a0\u00bb locked=\u00a0\u00bboff\u00a0\u00bb global_colors_info=\u00a0\u00bb{}\u00a0\u00bb][et_pb_column type=\u00a0\u00bb4_4&Prime; _builder_version=\u00a0\u00bb4.16&Prime; _module_preset=\u00a0\u00bbdefault\u00a0\u00bb global_colors_info=\u00a0\u00bb{}\u00a0\u00bb][et_pb_text admin_label=\u00a0\u00bbService\u00a0\u00bb module_class=\u00a0\u00bbime-pattern-rot\u00a0\u00bb _builder_version=\u00a0\u00bb4.16&Prime; _module_preset=\u00a0\u00bbdefault\u00a0\u00bb text_font=\u00a0\u00bb||||||||\u00a0\u00bb header_font=\u00a0\u00bb||||||||\u00a0\u00bb header_text_color=\u00a0\u00bbgcid-01af1b29-4bf7-44fe-a473-50909a3a5b27&Prime; header_2_font=\u00a0\u00bb|800||on|||||\u00a0\u00bb header_2_text_color=\u00a0\u00bbgcid-4ebc9de5-e061-4b45-94a8-080fa0de0610&Prime; header_2_font_size=\u00a0\u00bb40px\u00a0\u00bb header_3_font=\u00a0\u00bb|700||on|||||\u00a0\u00bb header_3_font_size=\u00a0\u00bb40px\u00a0\u00bb background_size=\u00a0\u00bbinitial\u00a0\u00bb background_repeat=\u00a0\u00bbrepeat\u00a0\u00bb background_blend=\u00a0\u00bbdifference\u00a0\u00bb custom_padding=\u00a0\u00bb25px||15px|30px|false|false\u00a0\u00bb header_2_font_size_tablet=\u00a0\u00bb30px\u00a0\u00bb header_2_font_size_phone=\u00a0\u00bb24px\u00a0\u00bb header_2_font_size_last_edited=\u00a0\u00bbon|desktop\u00a0\u00bb locked=\u00a0\u00bboff\u00a0\u00bb global_colors_info=\u00a0\u00bb{%22gcid-7df05597-327a-4e7a-9bc4-7a2456ed480c%22:%91%93,%22gcid-01af1b29-4bf7-44fe-a473-50909a3a5b27%22:%91%22header_text_color%22,%22header_text_color%22%93,%22gcid-4ebc9de5-e061-4b45-94a8-080fa0de0610%22:%91%22header_2_text_color%22,%22header_2_text_color%22%93,%22gcid-07156617-efbb-4c8c-80ba-1d2279245b1d%22:%91%93}\u00a0\u00bb]<\/p>\n<h2>Service<\/h2>\n<p>[\/et_pb_text][\/et_pb_column][\/et_pb_row][et_pb_row column_structure=\u00a0\u00bb1_2,1_2&Prime; admin_label=\u00a0\u00bbunternehmen content\u00a0\u00bb _builder_version=\u00a0\u00bb4.16&Prime; _module_preset=\u00a0\u00bbdefault\u00a0\u00bb background_color=\u00a0\u00bb#FFFFFF\u00a0\u00bb custom_margin=\u00a0\u00bb||||false|false\u00a0\u00bb custom_padding=\u00a0\u00bb30px|30px|60px|30px|false|true\u00a0\u00bb global_colors_info=\u00a0\u00bb{}\u00a0\u00bb][et_pb_column type=\u00a0\u00bb1_2&Prime; _builder_version=\u00a0\u00bb4.16&Prime; _module_preset=\u00a0\u00bbdefault\u00a0\u00bb custom_padding=\u00a0\u00bb20px|20px|20px|20px|true|true\u00a0\u00bb global_colors_info=\u00a0\u00bb{}\u00a0\u00bb][et_pb_image src=\u00a0\u00bbhttps:\/\/www.autolift.info\/wp-content\/uploads\/2021\/05\/service_autolift.jpg\u00a0\u00bb title_text=\u00a0\u00bbGalerie de mod\u00e8les\u00a0\u00bb _builder_version=\u00a0\u00bb4.16&Prime; _module_preset=\u00a0\u00bbdefault\u00a0\u00bb global_colors_info=\u00a0\u00bb{}\u00a0\u00bb][\/et_pb_image][\/et_pb_column][et_pb_column type=\u00a0\u00bb1_2&Prime; _builder_version=\u00a0\u00bb4.16&Prime; _module_preset=\u00a0\u00bbdefault\u00a0\u00bb global_colors_info=\u00a0\u00bb{}\u00a0\u00bb][et_pb_text admin_label=\u00a0\u00bbIm Schnitt liefert Autolift jedes Monat 10 Anlagen aus\u00a0\u00bb module_class=\u00a0\u00bbime-ytextlink\u00a0\u00bb _builder_version=\u00a0\u00bb4.16&Prime; _module_preset=\u00a0\u00bbdefault\u00a0\u00bb global_colors_info=\u00a0\u00bb{}\u00a0\u00bb]<\/p>\n<p>En moyenne, l\u2019ascenseur automobile fournit chaque mois environ 10 installations de levage de v\u00e9hicules ferroviaires. Par cons\u00e9quent, le nombre d\u2019installations en service ne cesse d\u2019augmenter. Ainsi, et avec l\u2019augmentation de l\u2019\u00e2ge des installations, les exigences de notre service s\u2019accroissent constamment. Pour savoir comment r\u00e9soudre ce probl\u00e8me, cliquez ici :   <\/p>\n<p>[\/et_pb_text][et_pb_button button_url=\u00a0\u00bbhttps:\/\/www.autolift.info\/fr\/maintenance-technique-service-apres-vente\/\u00a0\u00bb button_text=\u00a0\u00bbapprendre encore plus\u00a0\u00bb _builder_version=\u00a0\u00bb4.16&Prime; _module_preset=\u00a0\u00bbdefault\u00a0\u00bb global_colors_info=\u00a0\u00bb{%22gcid-1e316c67-09f0-49b6-a876-cbbe87afea32%22:%91%22button_bg_color%22%93}\u00a0\u00bb][\/et_pb_button][\/et_pb_column][\/et_pb_row][\/et_pb_section]<\/p>\n","protected":false},"excerpt":{"rendered":"<p>Nouveaut\u00e9EntrepriseL&rsquo;entreprise Autolift GmbH \u2013 Autolift pour les intimes &#8211; est g\u00e9r\u00e9e par son propri\u00e9taire. Elle con\u00e7oit, fabrique, vend et entretient des installations de levage dans le domaine des automotrices pour le secteur des v\u00e9hicules ferroviaires et l&rsquo;industrie depuis pr\u00e8s de 35 ans. Elle dispose actuellement de deux sites de production. ProduitsDans 70 pays (au mois [&hellip;]<\/p>\n","protected":false},"author":1,"featured_media":0,"parent":0,"menu_order":10,"comment_status":"closed","ping_status":"closed","template":"","meta":{"_et_pb_use_builder":"on","_et_pb_old_content":"","_et_gb_content_width":"","footnotes":""},"class_list":["post-243740","page","type-page","status-publish","hentry"],"_links":{"self":[{"href":"https:\/\/www.autolift.info\/fr\/wp-json\/wp\/v2\/pages\/243740","targetHints":{"allow":["GET"]}}],"collection":[{"href":"https:\/\/www.autolift.info\/fr\/wp-json\/wp\/v2\/pages"}],"about":[{"href":"https:\/\/www.autolift.info\/fr\/wp-json\/wp\/v2\/types\/page"}],"author":[{"embeddable":true,"href":"https:\/\/www.autolift.info\/fr\/wp-json\/wp\/v2\/users\/1"}],"replies":[{"embeddable":true,"href":"https:\/\/www.autolift.info\/fr\/wp-json\/wp\/v2\/comments?post=243740"}],"version-history":[{"count":40,"href":"https:\/\/www.autolift.info\/fr\/wp-json\/wp\/v2\/pages\/243740\/revisions"}],"predecessor-version":[{"id":248298,"href":"https:\/\/www.autolift.info\/fr\/wp-json\/wp\/v2\/pages\/243740\/revisions\/248298"}],"wp:attachment":[{"href":"https:\/\/www.autolift.info\/fr\/wp-json\/wp\/v2\/media?parent=243740"}],"curies":[{"name":"wp","href":"https:\/\/api.w.org\/{rel}","templated":true}]}}