{"id":246174,"date":"2022-06-15T09:55:29","date_gmt":"2022-06-15T07:55:29","guid":{"rendered":"https:\/\/www.autolift.info\/feria-industrial\/"},"modified":"2025-01-28T12:24:09","modified_gmt":"2025-01-28T11:24:09","slug":"feria-industrial","status":"publish","type":"page","link":"https:\/\/www.autolift.info\/es\/feria-industrial\/","title":{"rendered":"Feria industrial"},"content":{"rendered":"<p>[et_pb_section fb_built=\u00bb1&#8243; _builder_version=\u00bb4.16&#8243; _module_preset=\u00bbdefault\u00bb custom_padding=\u00bb0px||0px||true|false\u00bb locked=\u00bboff\u00bb global_colors_info=\u00bb{}\u00bb][et_pb_row use_custom_gutter=\u00bbon\u00bb gutter_width=\u00bb1&#8243; make_equal=\u00bbon\u00bb _builder_version=\u00bb4.16&#8243; _module_preset=\u00bbdefault\u00bb width=\u00bb100%\u00bb max_width=\u00bb100%\u00bb custom_margin=\u00bb||||false|false\u00bb custom_padding=\u00bb0px||0px||true|false\u00bb global_colors_info=\u00bb{}\u00bb][et_pb_column type=\u00bb4_4&#8243; _builder_version=\u00bb4.16&#8243; _module_preset=\u00bbdefault\u00bb global_colors_info=\u00bb{}\u00bb][et_pb_slider show_pagination=\u00bboff\u00bb use_bg_overlay=\u00bbon\u00bb use_text_overlay=\u00bboff\u00bb module_class=\u00bbautolift-slider\u00bb _builder_version=\u00bb4.17.4&#8243; _module_preset=\u00bbdefault\u00bb background_color=\u00bb#ECECEC\u00bb background_enable_image=\u00bboff\u00bb height=\u00bb600px\u00bb auto=\u00bbon\u00bb auto_speed=\u00bb5000&#8243; global_colors_info=\u00bb{}\u00bb][et_pb_slide alignment=\u00bbbottom\u00bb _builder_version=\u00bb4.17.4&#8243; _module_preset=\u00bbdefault\u00bb header_font=\u00bb|700||on|||||\u00bb header_text_align=\u00bbleft\u00bb header_font_size=\u00bb60px\u00bb background_color=\u00bb#ECECEC\u00bb background_enable_color=\u00bbon\u00bb background_image=\u00bbhttps:\/\/www.autolift.info\/wp-content\/uploads\/2022\/06\/messen-autolift.jpg\u00bb background_enable_image=\u00bbon\u00bb background_position=\u00bbtop_center\u00bb global_colors_info=\u00bb{%22gcid-1e316c67-09f0-49b6-a876-cbbe87afea32%22:%91%93}\u00bb custom_css_main_element__hover_enabled=\u00bbon|desktop\u00bb sticky_transition=\u00bbon\u00bb][\/et_pb_slide][\/et_pb_slider][\/et_pb_column][\/et_pb_row][\/et_pb_section][et_pb_section fb_built=\u00bb1&#8243; _builder_version=\u00bb4.16&#8243; _module_preset=\u00bbdefault\u00bb background_color=\u00bbRGBA(0,0,0,0)\u00bb custom_padding=\u00bb0px||||false|false\u00bb global_colors_info=\u00bb{}\u00bb][et_pb_row use_custom_gutter=\u00bbon\u00bb gutter_width=\u00bb1&#8243; _builder_version=\u00bb4.25.1&#8243; _module_preset=\u00bbdefault\u00bb background_color=\u00bb#FFFFFF\u00bb module_alignment=\u00bbcenter\u00bb min_height=\u00bb114px\u00bb custom_margin=\u00bb-90px||||false|false\u00bb custom_padding=\u00bb0px||||false|true\u00bb animation_direction=\u00bbbottom\u00bb custom_css_main_element=\u00bbz-index:10;\u00bb global_colors_info=\u00bb{}\u00bb][et_pb_column type=\u00bb4_4&#8243; _builder_version=\u00bb4.16&#8243; _module_preset=\u00bbdefault\u00bb global_colors_info=\u00bb{}\u00bb][et_pb_text disabled_on=\u00bboff|off|off\u00bb admin_label=\u00bbMessen\u00bb module_class=\u00bbime-pattern-rot\u00bb _builder_version=\u00bb4.25.1&#8243; _module_preset=\u00bbdefault\u00bb text_font=\u00bb||||||||\u00bb header_font=\u00bb||||||||\u00bb header_text_color=\u00bbgcid-01af1b29-4bf7-44fe-a473-50909a3a5b27&#8243; header_2_font=\u00bb|800||on|||||\u00bb header_2_text_color=\u00bbgcid-4ebc9de5-e061-4b45-94a8-080fa0de0610&#8243; header_2_font_size=\u00bb40px\u00bb header_3_font=\u00bb|700||on|||||\u00bb header_3_font_size=\u00bb40px\u00bb background_size=\u00bbinitial\u00bb background_repeat=\u00bbrepeat\u00bb background_blend=\u00bbdifference\u00bb custom_margin=\u00bb||||false|false\u00bb custom_margin_tablet=\u00bb-90px||||false|false\u00bb custom_margin_phone=\u00bb-90px||||false|false\u00bb custom_margin_last_edited=\u00bbon|desktop\u00bb custom_padding=\u00bb25px||15px|30px|false|false\u00bb header_2_font_size_tablet=\u00bb30px\u00bb header_2_font_size_phone=\u00bb24px\u00bb header_2_font_size_last_edited=\u00bbon|desktop\u00bb global_colors_info=\u00bb{%22gcid-7df05597-327a-4e7a-9bc4-7a2456ed480c%22:%91%93,%22gcid-01af1b29-4bf7-44fe-a473-50909a3a5b27%22:%91%22header_text_color%22%93,%22gcid-4ebc9de5-e061-4b45-94a8-080fa0de0610%22:%91%22header_2_text_color%22%93,%22gcid-07156617-efbb-4c8c-80ba-1d2279245b1d%22:%91%93}\u00bb]<\/p>\n<h2>Feria industrial<\/h2>\n<p>[\/et_pb_text][\/et_pb_column][\/et_pb_row][et_pb_row _builder_version=\u00bb4.16&#8243; _module_preset=\u00bbdefault\u00bb background_color=\u00bb#FFFFFF\u00bb custom_padding=\u00bb||10px||false|false\u00bb locked=\u00bboff\u00bb global_colors_info=\u00bb{}\u00bb][et_pb_column type=\u00bb4_4&#8243; _builder_version=\u00bb4.16&#8243; _module_preset=\u00bbdefault\u00bb global_colors_info=\u00bb{}\u00bb][et_pb_text disabled_on=\u00bboff|off|off\u00bb admin_label=\u00bbgeplante Messen\u00bb _builder_version=\u00bb4.22.1&#8243; _module_preset=\u00bbdefault\u00bb min_height=\u00bb101px\u00bb custom_margin=\u00bb-25px||-9px|||\u00bb custom_padding=\u00bb19px|30px|19px|30px|true|true\u00bb global_colors_info=\u00bb{}\u00bb]<\/p>\n<p><span style=\"font-size: x-large;\"><strong>AutoZum &#8211; un repaso<\/strong><\/span><strong><\/strong><\/p>\n<p>La AutoZum 2025 fue nuevamente una destacada feria especializada para la industria automotriz. Tuvimos la oportunidad de presentar nuestras \u00faltimas innovaciones y productos en el \u00e1mbito de la tecnolog\u00eda de elevaci\u00f3n de veh\u00edculos y equipamiento de talleres, adem\u00e1s de mantener interesantes conversaciones con visitantes especializados. <\/p>\n<p>Agradecemos de coraz\u00f3n a todos los que nos visitaron del 22 al 25 de enero de 2025 en el pabell\u00f3n 9, stand 09-0123. Su inter\u00e9s y comentarios nos motivan a seguir desarrollando soluciones innovadoras para el sector. <\/p>\n<p>\u00a1Mant\u00e9ngase atento a futuros eventos y novedades de nuestra parte!<\/p>\n<p><span style=\"font-size: x-large;\"><strong><\/strong><\/span><\/p>\n<p><span style=\"font-size: x-large;\"><strong><br \/>Una exitosa participaci\u00f3n en la InnoTrans Berl\u00edn<br \/><\/strong><\/span><br \/>Estimadas visitantes y estimados visitantes, <br \/>queremos agradecerles sinceramente por su visita a nuestro stand en la InnoTrans de Berl\u00edn. Sus preguntas de inter\u00e9s y las conversaciones apasionantes hicieron de esta feria un evento especial para nosotros. <\/p>\n<p>Fue un placer compartir nuestras soluciones con ustedes y obtener valiosas perspectivas a trav\u00e9s del intercambio. Su inter\u00e9s y sus sugerencias nos motivan a seguir trabajando con toda nuestra energ\u00eda en proyectos innovadores y visionarios. <\/p>\n<p>Muchas gracias por su apoyo y confianza. Nos complace continuar el di\u00e1logo con ustedes y explorar juntos nuevos caminos. <br \/>Atentamente, <br \/>Su equipo de Autolift GmbH <\/p>\n<p><span style=\"font-size: x-large;\"><strong><\/strong><\/span><span style=\"font-size: x-large;\"><strong><\/strong><\/span><\/p>\n<p><span style=\"font-size: x-large;\"><strong><\/strong><\/span><\/p>\n<p><span style=\"font-size: x-large;\"><strong>IAA Hannover &#8211; \u00a1Muchas gracias por su visita!<\/strong><\/span><span style=\"color: #000000; font-family: 'Vito Regular', Helvetica, Arial, Lucida, sans-serif; font-size: 17px; font-style: normal; font-variant-ligatures: normal; font-variant-caps: normal; font-weight: 400; letter-spacing: normal; orphans: 2; text-align: left; text-indent: 0px; text-transform: none; widows: 2; word-spacing: 0px; -webkit-text-stroke-width: 0px; white-space: normal; background-color: #ffffff; text-decoration-thickness: initial; text-decoration-style: initial; text-decoration-color: initial; display: inline !important; float: none;\"><\/span><\/p>\n<p><span style=\"color: #212121; font-family: 'Vito Regular', Helvetica, Arial, Lucida, sans-serif; font-size: 16px; font-style: normal; font-variant-ligatures: normal; font-variant-caps: normal; font-weight: 300; letter-spacing: normal; orphans: 2; text-align: start; text-indent: 0px; text-transform: none; widows: 2; word-spacing: 0px; -webkit-text-stroke-width: 0px; white-space: normal; background-color: #ffffff; text-decoration-thickness: initial; text-decoration-style: initial; text-decoration-color: initial; display: inline !important; float: none;\">Estimadas visitantes y estimados visitantes,<\/span><br style=\"box-sizing: border-box; --brlbs-tw-border-spacing-x: 0; --brlbs-tw-border-spacing-y: 0; --brlbs-tw-translate-x: 0; --brlbs-tw-translate-y: 0; --brlbs-tw-rotate: 0; --brlbs-tw-skew-x: 0; --brlbs-tw-skew-y: 0; --brlbs-tw-scale-x: 1; --brlbs-tw-scale-y: 1; --brlbs-tw-scroll-snap-strictness: proximity; --brlbs-tw-ring-offset-width: 0px; --brlbs-tw-ring-offset-color: #fff; --brlbs-tw-ring-color: rgba(59,130,246,.5); --brlbs-tw-ring-offset-shadow: 0 0 #0000; --brlbs-tw-ring-shadow: 0 0 #0000; --brlbs-tw-shadow: 0 0 #0000; --brlbs-tw-shadow-colored: 0 0 #0000; color: #212121; font-family: 'Vito Regular', Helvetica, Arial, Lucida, sans-serif; font-size: 16px; font-style: normal; font-variant-ligatures: normal; font-variant-caps: normal; font-weight: 300; letter-spacing: normal; orphans: 2; text-align: start; text-indent: 0px; text-transform: none; widows: 2; word-spacing: 0px; -webkit-text-stroke-width: 0px; white-space: normal; background-color: #ffffff; text-decoration-thickness: initial; text-decoration-style: initial; text-decoration-color: initial;\"><span style=\"color: #212121; font-family: 'Vito Regular', Helvetica, Arial, Lucida, sans-serif; font-size: 16px; font-style: normal; font-variant-ligatures: normal; font-variant-caps: normal; font-weight: 300; letter-spacing: normal; orphans: 2; text-align: start; text-indent: 0px; text-transform: none; widows: 2; word-spacing: 0px; -webkit-text-stroke-width: 0px; white-space: normal; background-color: #ffffff; text-decoration-thickness: initial; text-decoration-style: initial; text-decoration-color: initial; display: inline !important; float: none;\">queremos agradecerles sinceramente por su visita a nuestro stand en la <strong>IAA <\/strong>de <strong>Hannover<\/strong>. Su participaci\u00f3n y las interesantes conversaciones hicieron de nuestra presencia en la feria una experiencia especial. <br \/><\/span><br style=\"box-sizing: border-box; --brlbs-tw-border-spacing-x: 0; --brlbs-tw-border-spacing-y: 0; --brlbs-tw-translate-x: 0; --brlbs-tw-translate-y: 0; --brlbs-tw-rotate: 0; --brlbs-tw-skew-x: 0; --brlbs-tw-skew-y: 0; --brlbs-tw-scale-x: 1; --brlbs-tw-scale-y: 1; --brlbs-tw-scroll-snap-strictness: proximity; --brlbs-tw-ring-offset-width: 0px; --brlbs-tw-ring-offset-color: #fff; --brlbs-tw-ring-color: rgba(59,130,246,.5); --brlbs-tw-ring-offset-shadow: 0 0 #0000; --brlbs-tw-ring-shadow: 0 0 #0000; --brlbs-tw-shadow: 0 0 #0000; --brlbs-tw-shadow-colored: 0 0 #0000; color: #212121; font-family: 'Vito Regular', Helvetica, Arial, Lucida, sans-serif; font-size: 16px; font-style: normal; font-variant-ligatures: normal; font-variant-caps: normal; font-weight: 300; letter-spacing: normal; orphans: 2; text-align: start; text-indent: 0px; text-transform: none; widows: 2; word-spacing: 0px; -webkit-text-stroke-width: 0px; white-space: normal; background-color: #ffffff; text-decoration-thickness: initial; text-decoration-style: initial; text-decoration-color: initial;\"><span style=\"color: #212121; font-family: 'Vito Regular', Helvetica, Arial, Lucida, sans-serif; font-size: 16px; font-style: normal; font-variant-ligatures: normal; font-variant-caps: normal; font-weight: 300; letter-spacing: normal; orphans: 2; text-align: start; text-indent: 0px; text-transform: none; widows: 2; word-spacing: 0px; -webkit-text-stroke-width: 0px; white-space: normal; background-color: #ffffff; text-decoration-thickness: initial; text-decoration-style: initial; text-decoration-color: initial; display: inline !important; float: none;\">Fue un placer acercarles nuestros productos y soluciones. Su inter\u00e9s y sus valiosos comentarios son de gran importancia para nosotros y nos motivan a seguir realizando un trabajo excelente. <br \/><\/span><br style=\"box-sizing: border-box; --brlbs-tw-border-spacing-x: 0; --brlbs-tw-border-spacing-y: 0; --brlbs-tw-translate-x: 0; --brlbs-tw-translate-y: 0; --brlbs-tw-rotate: 0; --brlbs-tw-skew-x: 0; --brlbs-tw-skew-y: 0; --brlbs-tw-scale-x: 1; --brlbs-tw-scale-y: 1; --brlbs-tw-scroll-snap-strictness: proximity; --brlbs-tw-ring-offset-width: 0px; --brlbs-tw-ring-offset-color: #fff; --brlbs-tw-ring-color: rgba(59,130,246,.5); --brlbs-tw-ring-offset-shadow: 0 0 #0000; --brlbs-tw-ring-shadow: 0 0 #0000; --brlbs-tw-shadow: 0 0 #0000; --brlbs-tw-shadow-colored: 0 0 #0000; color: #212121; font-family: 'Vito Regular', Helvetica, Arial, Lucida, sans-serif; font-size: 16px; font-style: normal; font-variant-ligatures: normal; font-variant-caps: normal; font-weight: 300; letter-spacing: normal; orphans: 2; text-align: start; text-indent: 0px; text-transform: none; widows: 2; word-spacing: 0px; -webkit-text-stroke-width: 0px; white-space: normal; background-color: #ffffff; text-decoration-thickness: initial; text-decoration-style: initial; text-decoration-color: initial;\"><span style=\"color: #212121; font-family: 'Vito Regular', Helvetica, Arial, Lucida, sans-serif; font-size: 16px; font-style: normal; font-variant-ligatures: normal; font-variant-caps: normal; font-weight: 300; letter-spacing: normal; orphans: 2; text-align: start; text-indent: 0px; text-transform: none; widows: 2; word-spacing: 0px; -webkit-text-stroke-width: 0px; white-space: normal; background-color: #ffffff; text-decoration-thickness: initial; text-decoration-style: initial; text-decoration-color: initial; display: inline !important; float: none;\">Muchas gracias por su compromiso y confianza. Esperamos continuar nuestras conversaciones y trabajar juntos en proyectos emocionantes. <\/span><br style=\"box-sizing: border-box; --brlbs-tw-border-spacing-x: 0; --brlbs-tw-border-spacing-y: 0; --brlbs-tw-translate-x: 0; --brlbs-tw-translate-y: 0; --brlbs-tw-rotate: 0; --brlbs-tw-skew-x: 0; --brlbs-tw-skew-y: 0; --brlbs-tw-scale-x: 1; --brlbs-tw-scale-y: 1; --brlbs-tw-scroll-snap-strictness: proximity; --brlbs-tw-ring-offset-width: 0px; --brlbs-tw-ring-offset-color: #fff; --brlbs-tw-ring-color: rgba(59,130,246,.5); --brlbs-tw-ring-offset-shadow: 0 0 #0000; --brlbs-tw-ring-shadow: 0 0 #0000; --brlbs-tw-shadow: 0 0 #0000; --brlbs-tw-shadow-colored: 0 0 #0000; color: #212121; font-family: 'Vito Regular', Helvetica, Arial, Lucida, sans-serif; font-size: 16px; font-style: normal; font-variant-ligatures: normal; font-variant-caps: normal; font-weight: 300; letter-spacing: normal; orphans: 2; text-align: start; text-indent: 0px; text-transform: none; widows: 2; word-spacing: 0px; -webkit-text-stroke-width: 0px; white-space: normal; background-color: #ffffff; text-decoration-thickness: initial; text-decoration-style: initial; text-decoration-color: initial;\"><span style=\"color: #212121; font-family: 'Vito Regular', Helvetica, Arial, Lucida, sans-serif; font-size: 16px; font-style: normal; font-variant-ligatures: normal; font-variant-caps: normal; font-weight: 300; letter-spacing: normal; orphans: 2; text-align: start; text-indent: 0px; text-transform: none; widows: 2; word-spacing: 0px; -webkit-text-stroke-width: 0px; white-space: normal; background-color: #ffffff; text-decoration-thickness: initial; text-decoration-style: initial; text-decoration-color: initial; display: inline !important; float: none;\">Su equipo de Autolift GmbH e IME-Light GmbH<br \/><\/span><\/p>\n<p><span style=\"color: #212121; font-family: 'Vito Regular', Helvetica, Arial, Lucida, sans-serif; font-size: 16px; font-style: normal; font-variant-ligatures: normal; font-variant-caps: normal; font-weight: 300; letter-spacing: normal; orphans: 2; text-align: start; text-indent: 0px; text-transform: none; widows: 2; word-spacing: 0px; -webkit-text-stroke-width: 0px; white-space: normal; background-color: #ffffff; text-decoration-thickness: initial; text-decoration-style: initial; text-decoration-color: initial; display: inline !important; float: none;\"><\/span><\/p>\n<p>[\/et_pb_text][\/et_pb_column][\/et_pb_row][et_pb_row _builder_version=\u00bb4.16&#8243; _module_preset=\u00bbdefault\u00bb background_color=\u00bb#FFFFFF\u00bb min_height=\u00bb172.2px\u00bb custom_padding=\u00bb27px||0px||false|false\u00bb locked=\u00bboff\u00bb global_colors_info=\u00bb{}\u00bb][et_pb_column type=\u00bb4_4&#8243; _builder_version=\u00bb4.16&#8243; _module_preset=\u00bbdefault\u00bb global_colors_info=\u00bb{}\u00bb][et_pb_text disabled_on=\u00bboff|off|off\u00bb admin_label=\u00bbgeplante Messen\u00bb _builder_version=\u00bb4.27.2&#8243; _module_preset=\u00bbdefault\u00bb min_height=\u00bb201.2px\u00bb custom_margin=\u00bb-14px||7px|||\u00bb custom_padding=\u00bb0px|30px|0px|30px|true|true\u00bb global_colors_info=\u00bb{}\u00bb]<\/p>\n<p><span style=\"font-size: x-large;\"><strong><span style=\"color: #000000; font-family: 'Vito Regular', Helvetica, Arial, Lucida, sans-serif; font-style: normal; font-variant-ligatures: normal; font-variant-caps: normal; letter-spacing: normal; text-align: left; text-indent: 0px; text-transform: none; word-spacing: 0px; -webkit-text-stroke-width: 0px; white-space: normal; background-color: #ffffff; text-decoration-thickness: initial; text-decoration-style: initial; text-decoration-color: initial; display: inline !important; float: none;\"><span style=\"color: #212121; font-family: 'Vito Regular', Helvetica, Arial, Lucida, sans-serif; font-style: normal; font-variant-ligatures: normal; font-variant-caps: normal; letter-spacing: normal; text-align: start; text-indent: 0px; text-transform: none; word-spacing: 0px; -webkit-text-stroke-width: 0px; white-space: normal; background-color: #ffffff; text-decoration-thickness: initial; text-decoration-style: initial; text-decoration-color: initial; display: inline !important; float: none;\">Automechanika &#8211; \u00a1un \u00e9xito total! <br \/><\/span><\/span><\/strong><\/span><\/p>\n<p><span style=\"color: #000000; font-family: 'Vito Regular', Helvetica, Arial, Lucida, sans-serif; font-size: 17px; font-style: normal; font-variant-ligatures: normal; font-variant-caps: normal; font-weight: 400; letter-spacing: normal; orphans: 2; text-align: left; text-indent: 0px; text-transform: none; widows: 2; word-spacing: 0px; -webkit-text-stroke-width: 0px; white-space: normal; background-color: #ffffff; text-decoration-thickness: initial; text-decoration-style: initial; text-decoration-color: initial; display: inline !important; float: none;\"><span style=\"color: #212121; font-family: 'Vito Regular', Helvetica, Arial, Lucida, sans-serif; font-size: 16px; font-style: normal; font-variant-ligatures: normal; font-variant-caps: normal; font-weight: 300; letter-spacing: normal; orphans: 2; text-align: start; text-indent: 0px; text-transform: none; widows: 2; word-spacing: 0px; -webkit-text-stroke-width: 0px; white-space: normal; background-color: #ffffff; text-decoration-thickness: initial; text-decoration-style: initial; text-decoration-color: initial; display: inline !important; float: none;\">Estimadas visitantes y estimados visitantes,<\/span><br style=\"box-sizing: border-box; --brlbs-tw-border-spacing-x: 0; --brlbs-tw-border-spacing-y: 0; --brlbs-tw-translate-x: 0; --brlbs-tw-translate-y: 0; --brlbs-tw-rotate: 0; --brlbs-tw-skew-x: 0; --brlbs-tw-skew-y: 0; --brlbs-tw-scale-x: 1; --brlbs-tw-scale-y: 1; --brlbs-tw-scroll-snap-strictness: proximity; --brlbs-tw-ring-offset-width: 0px; --brlbs-tw-ring-offset-color: #fff; --brlbs-tw-ring-color: rgba(59,130,246,.5); --brlbs-tw-ring-offset-shadow: 0 0 #0000; --brlbs-tw-ring-shadow: 0 0 #0000; --brlbs-tw-shadow: 0 0 #0000; --brlbs-tw-shadow-colored: 0 0 #0000; color: #212121; font-family: 'Vito Regular', Helvetica, Arial, Lucida, sans-serif; font-size: 16px; font-style: normal; font-variant-ligatures: normal; font-variant-caps: normal; font-weight: 300; letter-spacing: normal; orphans: 2; text-align: start; text-indent: 0px; text-transform: none; widows: 2; word-spacing: 0px; -webkit-text-stroke-width: 0px; white-space: normal; background-color: #ffffff; text-decoration-thickness: initial; text-decoration-style: initial; text-decoration-color: initial;\"><span style=\"color: #212121; font-family: 'Vito Regular', Helvetica, Arial, Lucida, sans-serif; font-size: 16px; font-style: normal; font-variant-ligatures: normal; font-variant-caps: normal; font-weight: 300; letter-spacing: normal; orphans: 2; text-align: start; text-indent: 0px; text-transform: none; widows: 2; word-spacing: 0px; -webkit-text-stroke-width: 0px; white-space: normal; background-color: #ffffff; text-decoration-thickness: initial; text-decoration-style: initial; text-decoration-color: initial; display: inline !important; float: none;\">queremos agradecerles de todo coraz\u00f3n por su visita a nuestro stand en la feria <strong>Automechanika <\/strong>2024. Su gran inter\u00e9s y las conversaciones inspiradoras hicieron de esta feria una experiencia especial para nosotros. <\/span><br \/><br style=\"box-sizing: border-box; --brlbs-tw-border-spacing-x: 0; --brlbs-tw-border-spacing-y: 0; --brlbs-tw-translate-x: 0; --brlbs-tw-translate-y: 0; --brlbs-tw-rotate: 0; --brlbs-tw-skew-x: 0; --brlbs-tw-skew-y: 0; --brlbs-tw-scale-x: 1; --brlbs-tw-scale-y: 1; --brlbs-tw-scroll-snap-strictness: proximity; --brlbs-tw-ring-offset-width: 0px; --brlbs-tw-ring-offset-color: #fff; --brlbs-tw-ring-color: rgba(59,130,246,.5); --brlbs-tw-ring-offset-shadow: 0 0 #0000; --brlbs-tw-ring-shadow: 0 0 #0000; --brlbs-tw-shadow: 0 0 #0000; --brlbs-tw-shadow-colored: 0 0 #0000; color: #212121; font-family: 'Vito Regular', Helvetica, Arial, Lucida, sans-serif; font-size: 16px; font-style: normal; font-variant-ligatures: normal; font-variant-caps: normal; font-weight: 300; letter-spacing: normal; orphans: 2; text-align: start; text-indent: 0px; text-transform: none; widows: 2; word-spacing: 0px; -webkit-text-stroke-width: 0px; white-space: normal; background-color: #ffffff; text-decoration-thickness: initial; text-decoration-style: initial; text-decoration-color: initial;\"><span style=\"color: #212121; font-family: 'Vito Regular', Helvetica, Arial, Lucida, sans-serif; font-size: 16px; font-style: normal; font-variant-ligatures: normal; font-variant-caps: normal; font-weight: 300; letter-spacing: normal; orphans: 2; text-align: start; text-indent: 0px; text-transform: none; widows: 2; word-spacing: 0px; -webkit-text-stroke-width: 0px; white-space: normal; background-color: #ffffff; text-decoration-thickness: initial; text-decoration-style: initial; text-decoration-color: initial; display: inline !important; float: none;\">Fue un placer para nosotros poder presentarles nuestros productos. Sus comentarios y preguntas nos han brindado valiosas ideas, y esperamos con entusiasmo seguir desarrollando estas ideas juntos. <\/span><br \/><br style=\"box-sizing: border-box; --brlbs-tw-border-spacing-x: 0; --brlbs-tw-border-spacing-y: 0; --brlbs-tw-translate-x: 0; --brlbs-tw-translate-y: 0; --brlbs-tw-rotate: 0; --brlbs-tw-skew-x: 0; --brlbs-tw-skew-y: 0; --brlbs-tw-scale-x: 1; --brlbs-tw-scale-y: 1; --brlbs-tw-scroll-snap-strictness: proximity; --brlbs-tw-ring-offset-width: 0px; --brlbs-tw-ring-offset-color: #fff; --brlbs-tw-ring-color: rgba(59,130,246,.5); --brlbs-tw-ring-offset-shadow: 0 0 #0000; --brlbs-tw-ring-shadow: 0 0 #0000; --brlbs-tw-shadow: 0 0 #0000; --brlbs-tw-shadow-colored: 0 0 #0000; color: #212121; font-family: 'Vito Regular', Helvetica, Arial, Lucida, sans-serif; font-size: 16px; font-style: normal; font-variant-ligatures: normal; font-variant-caps: normal; font-weight: 300; letter-spacing: normal; orphans: 2; text-align: start; text-indent: 0px; text-transform: none; widows: 2; word-spacing: 0px; -webkit-text-stroke-width: 0px; white-space: normal; background-color: #ffffff; text-decoration-thickness: initial; text-decoration-style: initial; text-decoration-color: initial;\"><span style=\"color: #212121; font-family: 'Vito Regular', Helvetica, Arial, Lucida, sans-serif; font-size: 16px; font-style: normal; font-variant-ligatures: normal; font-variant-caps: normal; font-weight: 300; letter-spacing: normal; orphans: 2; text-align: start; text-indent: 0px; text-transform: none; widows: 2; word-spacing: 0px; -webkit-text-stroke-width: 0px; white-space: normal; background-color: #ffffff; text-decoration-thickness: initial; text-decoration-style: initial; text-decoration-color: initial; display: inline !important; float: none;\">Muchas gracias por su apoyo y confianza. \u00a1Esperamos con entusiasmo una colaboraci\u00f3n (continuamente) exitosa en el futuro! <\/span><br style=\"box-sizing: border-box; --brlbs-tw-border-spacing-x: 0; --brlbs-tw-border-spacing-y: 0; --brlbs-tw-translate-x: 0; --brlbs-tw-translate-y: 0; --brlbs-tw-rotate: 0; --brlbs-tw-skew-x: 0; --brlbs-tw-skew-y: 0; --brlbs-tw-scale-x: 1; --brlbs-tw-scale-y: 1; --brlbs-tw-scroll-snap-strictness: proximity; --brlbs-tw-ring-offset-width: 0px; --brlbs-tw-ring-offset-color: #fff; --brlbs-tw-ring-color: rgba(59,130,246,.5); --brlbs-tw-ring-offset-shadow: 0 0 #0000; --brlbs-tw-ring-shadow: 0 0 #0000; --brlbs-tw-shadow: 0 0 #0000; --brlbs-tw-shadow-colored: 0 0 #0000; color: #212121; font-family: 'Vito Regular', Helvetica, Arial, Lucida, sans-serif; font-size: 16px; font-style: normal; font-variant-ligatures: normal; font-variant-caps: normal; font-weight: 300; letter-spacing: normal; orphans: 2; text-align: start; text-indent: 0px; text-transform: none; widows: 2; word-spacing: 0px; -webkit-text-stroke-width: 0px; white-space: normal; background-color: #ffffff; text-decoration-thickness: initial; text-decoration-style: initial; text-decoration-color: initial;\"><span style=\"color: #212121; font-family: 'Vito Regular', Helvetica, Arial, Lucida, sans-serif; font-size: 16px; font-style: normal; font-variant-ligatures: normal; font-variant-caps: normal; font-weight: 300; letter-spacing: normal; orphans: 2; text-align: start; text-indent: 0px; text-transform: none; widows: 2; word-spacing: 0px; -webkit-text-stroke-width: 0px; white-space: normal; background-color: #ffffff; text-decoration-thickness: initial; text-decoration-style: initial; text-decoration-color: initial; display: inline !important; float: none;\">Su equipo de Autolift GmbH e IME-Light GmbH<\/span><\/span><\/p>\n<p>[\/et_pb_text][\/et_pb_column][\/et_pb_row][et_pb_row _builder_version=\u00bb4.16&#8243; _module_preset=\u00bbdefault\u00bb background_color=\u00bb#FFFFFF\u00bb min_height=\u00bb322.9px\u00bb custom_padding=\u00bb13px||10px||false|false\u00bb locked=\u00bboff\u00bb global_colors_info=\u00bb{}\u00bb][et_pb_column type=\u00bb4_4&#8243; _builder_version=\u00bb4.16&#8243; _module_preset=\u00bbdefault\u00bb global_colors_info=\u00bb{}\u00bb][et_pb_text disabled_on=\u00bboff|off|off\u00bb admin_label=\u00bbgeplante Messen\u00bb _builder_version=\u00bb4.27.2&#8243; _module_preset=\u00bbdefault\u00bb min_height=\u00bb126.4px\u00bb custom_margin=\u00bb-130px||32px|||\u00bb custom_padding=\u00bb0px|30px|0px|30px|true|true\u00bb global_colors_info=\u00bb{}\u00bb][\/et_pb_text][\/et_pb_column][\/et_pb_row][\/et_pb_section]<\/p>\n","protected":false},"excerpt":{"rendered":"<p>Feria industrialAutoZum &#8211; un repaso La AutoZum 2025 fue nuevamente una destacada feria especializada para la industria automotriz. Tuvimos la oportunidad de presentar nuestras \u00faltimas innovaciones y productos en el \u00e1mbito de la tecnolog\u00eda de elevaci\u00f3n de veh\u00edculos y equipamiento de talleres, adem\u00e1s de mantener interesantes conversaciones con visitantes especializados. Agradecemos de coraz\u00f3n a todos [&hellip;]<\/p>\n","protected":false},"author":1,"featured_media":0,"parent":0,"menu_order":1000,"comment_status":"closed","ping_status":"closed","template":"","meta":{"_et_pb_use_builder":"on","_et_pb_old_content":"","_et_gb_content_width":"","footnotes":""},"class_list":["post-246174","page","type-page","status-publish","hentry"],"_links":{"self":[{"href":"https:\/\/www.autolift.info\/es\/wp-json\/wp\/v2\/pages\/246174","targetHints":{"allow":["GET"]}}],"collection":[{"href":"https:\/\/www.autolift.info\/es\/wp-json\/wp\/v2\/pages"}],"about":[{"href":"https:\/\/www.autolift.info\/es\/wp-json\/wp\/v2\/types\/page"}],"author":[{"embeddable":true,"href":"https:\/\/www.autolift.info\/es\/wp-json\/wp\/v2\/users\/1"}],"replies":[{"embeddable":true,"href":"https:\/\/www.autolift.info\/es\/wp-json\/wp\/v2\/comments?post=246174"}],"version-history":[{"count":36,"href":"https:\/\/www.autolift.info\/es\/wp-json\/wp\/v2\/pages\/246174\/revisions"}],"predecessor-version":[{"id":250412,"href":"https:\/\/www.autolift.info\/es\/wp-json\/wp\/v2\/pages\/246174\/revisions\/250412"}],"wp:attachment":[{"href":"https:\/\/www.autolift.info\/es\/wp-json\/wp\/v2\/media?parent=246174"}],"curies":[{"name":"wp","href":"https:\/\/api.w.org\/{rel}","templated":true}]}}