{"id":242484,"date":"2021-06-07T13:19:56","date_gmt":"2021-06-07T11:19:56","guid":{"rendered":"https:\/\/www.autolift.info\/empresa\/localizaciones\/"},"modified":"2021-07-09T09:46:30","modified_gmt":"2021-07-09T07:46:30","slug":"localizaciones","status":"publish","type":"page","link":"https:\/\/www.autolift.info\/es\/empresa\/localizaciones\/","title":{"rendered":"Localizaciones"},"content":{"rendered":"<p>[et_pb_section fb_built=\u00bb1&#8243; _builder_version=\u00bb4.9.1&#8243; _module_preset=\u00bbdefault\u00bb custom_padding=\u00bb0px||0px||true|false\u00bb locked=\u00bboff\u00bb][et_pb_row use_custom_gutter=\u00bbon\u00bb gutter_width=\u00bb1&#8243; make_equal=\u00bbon\u00bb _builder_version=\u00bb4.9.1&#8243; _module_preset=\u00bbdefault\u00bb width=\u00bb100%\u00bb max_width=\u00bb100%\u00bb custom_margin=\u00bb||||false|false\u00bb custom_padding=\u00bb0px||0px||true|false\u00bb][et_pb_column type=\u00bb4_4&#8243; _builder_version=\u00bb4.9.1&#8243; _module_preset=\u00bbdefault\u00bb][et_pb_slider show_pagination=\u00bboff\u00bb use_bg_overlay=\u00bbon\u00bb use_text_overlay=\u00bboff\u00bb module_class=\u00bbautolift-slider\u00bb _builder_version=\u00bb4.9.4&#8243; _module_preset=\u00bbdefault\u00bb header_font=\u00bb|700||on|||||\u00bb header_font_size=\u00bb60px\u00bb background_color=\u00bb#ECECEC\u00bb background_enable_image=\u00bboff\u00bb height=\u00bb600px\u00bb height_tablet=\u00bb450px\u00bb height_phone=\u00bb350px\u00bb height_last_edited=\u00bbon|phone\u00bb auto=\u00bbon\u00bb auto_speed=\u00bb5000&#8243; header_font_size_tablet=\u00bb36px\u00bb header_font_size_phone=\u00bb26px\u00bb header_font_size_last_edited=\u00bbon|desktop\u00bb][et_pb_slide alignment=\u00bbbottom\u00bb _builder_version=\u00bb4.9.4&#8243; _module_preset=\u00bbdefault\u00bb header_font=\u00bb|700||on|||||\u00bb header_text_align=\u00bbleft\u00bb header_font_size=\u00bb60px\u00bb background_color=\u00bb#ECECEC\u00bb background_enable_color=\u00bbon\u00bb background_image=\u00bbhttps:\/\/www.autolift.info\/wp-content\/uploads\/2021\/05\/083_produktion_serbien_autolift-1.jpg\u00bb background_enable_image=\u00bbon\u00bb parallax=\u00bbon\u00bb parallax_method=\u00bboff\u00bb global_colors_info=\u00bb{%22gcid-1e316c67-09f0-49b6-a876-cbbe87afea32%22:%91%93}\u00bb custom_css_main_element__hover_enabled=\u00bbon|desktop\u00bb sticky_transition=\u00bbon\u00bb][\/et_pb_slide][et_pb_slide _builder_version=\u00bb4.9.4&#8243; _module_preset=\u00bbdefault\u00bb header_font=\u00bb|700||on|||||\u00bb header_text_align=\u00bbleft\u00bb header_font_size=\u00bb60px\u00bb background_color=\u00bb#ECECEC\u00bb background_enable_color=\u00bbon\u00bb background_image=\u00bbhttps:\/\/www.autolift.info\/wp-content\/uploads\/2021\/05\/084_produktion_serbien_autolift-01-1.jpg\u00bb background_enable_image=\u00bbon\u00bb parallax=\u00bbon\u00bb parallax_method=\u00bboff\u00bb global_colors_info=\u00bb{%22gcid-1e316c67-09f0-49b6-a876-cbbe87afea32%22:%91%93}\u00bb sticky_transition=\u00bbon\u00bb][\/et_pb_slide][et_pb_slide _builder_version=\u00bb4.9.4&#8243; _module_preset=\u00bbdefault\u00bb background_color=\u00bb#ECECEC\u00bb background_enable_color=\u00bbon\u00bb background_image=\u00bbhttps:\/\/www.autolift.info\/wp-content\/uploads\/2021\/05\/079_produktion_serbien_autolift-1.jpg\u00bb background_enable_image=\u00bbon\u00bb parallax=\u00bbon\u00bb parallax_method=\u00bboff\u00bb sticky_transition=\u00bbon\u00bb][\/et_pb_slide][et_pb_slide _builder_version=\u00bb4.9.4&#8243; _module_preset=\u00bbdefault\u00bb background_color=\u00bb#ECECEC\u00bb background_enable_color=\u00bbon\u00bb background_image=\u00bbhttps:\/\/www.autolift.info\/wp-content\/uploads\/2021\/05\/080_produktion_serbien_autolift-1.jpg\u00bb background_enable_image=\u00bbon\u00bb parallax=\u00bbon\u00bb parallax_method=\u00bboff\u00bb sticky_transition=\u00bbon\u00bb][\/et_pb_slide][et_pb_slide _builder_version=\u00bb4.9.4&#8243; _module_preset=\u00bbdefault\u00bb background_color=\u00bb#ECECEC\u00bb background_enable_color=\u00bbon\u00bb background_image=\u00bbhttps:\/\/www.autolift.info\/wp-content\/uploads\/2021\/05\/081_produktion_serbien_autolift-1.jpg\u00bb background_enable_image=\u00bbon\u00bb parallax=\u00bbon\u00bb parallax_method=\u00bboff\u00bb sticky_transition=\u00bbon\u00bb][\/et_pb_slide][et_pb_slide _builder_version=\u00bb4.9.4&#8243; _module_preset=\u00bbdefault\u00bb background_color=\u00bb#ECECEC\u00bb background_enable_color=\u00bbon\u00bb background_image=\u00bbhttps:\/\/www.autolift.info\/wp-content\/uploads\/2021\/05\/082_produktion_serbien_autolift-1.jpg\u00bb background_enable_image=\u00bbon\u00bb parallax=\u00bbon\u00bb parallax_method=\u00bboff\u00bb sticky_transition=\u00bbon\u00bb][\/et_pb_slide][\/et_pb_slider][\/et_pb_column][\/et_pb_row][\/et_pb_section][et_pb_section fb_built=\u00bb1&#8243; _builder_version=\u00bb4.9.3&#8243; _module_preset=\u00bbdefault\u00bb background_color=\u00bbRGBA(0,0,0,0)\u00bb custom_padding=\u00bb0px||||false|false\u00bb locked=\u00bboff\u00bb][et_pb_row use_custom_gutter=\u00bbon\u00bb gutter_width=\u00bb1&#8243; _builder_version=\u00bb4.9.7&#8243; _module_preset=\u00bbdefault\u00bb background_color=\u00bb#FFFFFF\u00bb module_alignment=\u00bbcenter\u00bb custom_margin=\u00bb||0px||false|false\u00bb custom_padding=\u00bb0px||0px||false|true\u00bb animation_direction=\u00bbbottom\u00bb custom_css_main_element=\u00bbz-index:10;\u00bb][et_pb_column type=\u00bb4_4&#8243; _builder_version=\u00bb4.9.1&#8243; _module_preset=\u00bbdefault\u00bb][et_pb_text admin_label=\u00bbUnsere Standorte\u00bb module_class=\u00bbime-pattern-rot\u00bb _builder_version=\u00bb4.9.7&#8243; _module_preset=\u00bbdefault\u00bb text_font=\u00bb||||||||\u00bb header_font=\u00bb||||||||\u00bb header_text_color=\u00bbgcid-01af1b29-4bf7-44fe-a473-50909a3a5b27&#8243; header_2_font=\u00bb|800||on|||||\u00bb header_2_text_color=\u00bbgcid-4ebc9de5-e061-4b45-94a8-080fa0de0610&#8243; header_2_font_size=\u00bb40px\u00bb header_3_font=\u00bb|700||on|||||\u00bb header_3_font_size=\u00bb40px\u00bb background_color=\u00bb#FFFFFF\u00bb background_size=\u00bbinitial\u00bb background_repeat=\u00bbrepeat\u00bb background_blend=\u00bbdifference\u00bb custom_margin=\u00bb-90px||0px||false|false\u00bb custom_margin_tablet=\u00bb-80px||||false|false\u00bb custom_margin_phone=\u00bb-72px||||false|false\u00bb custom_margin_last_edited=\u00bbon|desktop\u00bb custom_padding=\u00bb25px||15px|30px|false|false\u00bb header_2_font_size_tablet=\u00bb30px\u00bb header_2_font_size_phone=\u00bb24px\u00bb header_2_font_size_last_edited=\u00bbon|desktop\u00bb global_colors_info=\u00bb{%22gcid-7df05597-327a-4e7a-9bc4-7a2456ed480c%22:%91%93,%22gcid-01af1b29-4bf7-44fe-a473-50909a3a5b27%22:%91%22header_text_color%22%93,%22gcid-4ebc9de5-e061-4b45-94a8-080fa0de0610%22:%91%22header_2_text_color%22%93,%22gcid-07156617-efbb-4c8c-80ba-1d2279245b1d%22:%91%93}\u00bb]<\/p>\n<h2>Nuestras Localizaciones<\/h2>\n<p>[\/et_pb_text][\/et_pb_column][\/et_pb_row][et_pb_row _builder_version=\u00bb4.5.3&#8243; _module_preset=\u00bbdefault\u00bb custom_margin=\u00bb||0px||false|false\u00bb custom_padding=\u00bb||0px||false|false\u00bb locked=\u00bboff\u00bb][et_pb_column type=\u00bb4_4&#8243; _builder_version=\u00bb4.5.3&#8243; _module_preset=\u00bbdefault\u00bb][et_pb_accordion icon_color=\u00bb#ffffff\u00bb admin_label=\u00bbAccordion\u00bb module_class=\u00bbdct_faq_v9&#8243; _builder_version=\u00bb4.9.7&#8243; _module_preset=\u00bbdefault\u00bb toggle_text_color=\u00bb#333&#8243; toggle_font=\u00bb|700||on|||||\u00bb body_text_color=\u00bb#666464&#8243; custom_css_toggle_title=\u00bbborder-top: 0;||background: #eee;||border-bottom: 1px solid transparent;||display: block;||padding: 14px 40px;||position: relative;\u00bb custom_css_toggle_icon=\u00bbcontent: %22%924c%22;||\tfont-family: ETmodules!important;||top: 10px;||\tright: 0;||\tfont-size: 22px;||\tline-height: 24px;||\tdisplay: block!important;||\t-webkit-box-sizing: border-box;||\t-moz-box-sizing: border-box;||\tbox-sizing: border-box;||\tfont-weight: 700;||\tbackground: #cc0000;||\tpadding: 10px\u00bb custom_css_toggle_content=\u00bbborder-top: 0 none;||background: #eee;||padding: 15px 27px;\u00bb locked=\u00bboff\u00bb][et_pb_accordion_item title=\u00bbElixhausen &#8211; Salzburgo \/ Austria\u00bb open=\u00bbon\u00bb _builder_version=\u00bb4.9.7&#8243; _module_preset=\u00bbdefault\u00bb custom_margin=\u00bb||6px||false|false\u00bb custom_padding=\u00bb0px|0px|0px|0px|false|false\u00bb border_width_left=\u00bb5px\u00bb border_color_left=\u00bb#cc0000&#8243;]<\/p>\n<p><img loading=\"lazy\" decoding=\"async\" class=\"wp-image-765 alignnone size-medium\" src=\"https:\/\/www.autolift.info\/wp-content\/uploads\/2021\/03\/ime-autolift-salzburg-standort-elixhausen-300x225.jpg\" alt=\"\" width=\"300\" height=\"225\"><\/p>\n<p>Aqu\u00ed se encuentra la sede principal de nuestro grupo de empresas. Aqu\u00ed se encuentran la direcci\u00f3n, las ventas, la gesti\u00f3n de productos, la planificaci\u00f3n de la producci\u00f3n, la contabilidad y el servicio.  <\/p>\n<p>[\/et_pb_accordion_item][et_pb_accordion_item title=\u00bbK\u00f3ph\u00e1za \u2013 Sopron \/ Hungr\u00eda\u00bb _builder_version=\u00bb4.9.4&#8243; _module_preset=\u00bbdefault\u00bb custom_margin=\u00bb||6px||false|false\u00bb custom_padding=\u00bb0px|0px|0px|0px|false|false\u00bb border_width_left=\u00bb5px\u00bb border_color_left=\u00bb#cc0000&#8243; open=\u00bboff\u00bb]<\/p>\n<p><img loading=\"lazy\" decoding=\"async\" src=\"https:\/\/www.autolift.info\/wp-content\/uploads\/2021\/04\/kophaza_autolift-300x225.jpg\" width=\"300\" height=\"225\" alt=\"\" class=\"wp-image-218688 alignnone size-medium\"><\/p>\n<p style=\"text-align: left;\">Producimos en K\u00f3ph\u00e1za, cerca de Sopron (Hungr\u00eda), desde 1993. Antes de la ca\u00edda del comunismo, Sopron era el mayor lugar de fabricaci\u00f3n de equipos de taller de Europa del Este y, por tanto, era conocido como un lugar con empleados muy bien formados y subcontratistas cualificados. <\/p>\n<p>Adem\u00e1s, debido a su ubicaci\u00f3n directamente en la frontera con Austria, a s\u00f3lo 65 km del aeropuerto internacional de Viena, el centro de producci\u00f3n es ideal y tambi\u00e9n de acceso r\u00e1pido para nuestros clientes internacionales.<br \/>En 2005 se termin\u00f3 el nuevo edificio de nuestra actual planta de producci\u00f3n y, debido al fuerte crecimiento, se ampliar\u00e1 considerablemente en 2019. Actualmente empleamos a unas 100 personas en esta sede. <\/p>\n<p>[\/et_pb_accordion_item][et_pb_accordion_item title=\u00bbLu\u017enice (MIND Park) \/ Serbia\u00bb _builder_version=\u00bb4.9.7&#8243; _module_preset=\u00bbdefault\u00bb custom_margin=\u00bb||6px||false|false\u00bb custom_padding=\u00bb0px|0px|0px|0px|false|false\u00bb border_width_left=\u00bb5px\u00bb border_color_left=\u00bb#cc0000&#8243; open=\u00bboff\u00bb]<\/p>\n<p><img loading=\"lazy\" decoding=\"async\" class=\"alignnone size-medium wp-image-243087\" src=\"https:\/\/www.autolift.info\/wp-content\/uploads\/2021\/06\/b_Prod-Serbien_01-300x225.jpg\" alt=\"\" width=\"300\" height=\"225\"> <img loading=\"lazy\" decoding=\"async\" class=\"alignnone size-medium wp-image-243092\" src=\"https:\/\/www.autolift.info\/wp-content\/uploads\/2021\/06\/b_Prod-Serbien_02-300x225.jpg\" alt=\"\" width=\"300\" height=\"225\"><\/p>\n<p>Despu\u00e9s de que fuera cada vez m\u00e1s dif\u00edcil encontrar trabajadores cualificados en Europa Central y tambi\u00e9n en Hungr\u00eda Occidental y de que, por otro lado, las carteras de pedidos se engrosaran cada vez m\u00e1s, la apertura de una nueva ubicaci\u00f3n era evidente.<\/p>\n<p>La elecci\u00f3n del lugar recay\u00f3 en el Parque MIND de Lu\u017enice \/ Serbia. Este cl\u00faster ferroviario alberga la planta de Siemens para el tranv\u00eda Avenio y el fabricante de componentes ferroviarios AMM, as\u00ed como otros proveedores del mercado ferroviario. Estas son las condiciones ideales para Autolift. Adem\u00e1s de un gran n\u00famero de t\u00e9cnicos bien formados y una muy buena infraestructura, existen acuerdos de libre comercio con la UE y muchos otros mercados interesantes.   <\/p>\n<p>Desde junio de 2019 producimos en Lu\u017enice, inicialmente en un pabell\u00f3n alquilado y, desde febrero de 2021, en uno propio de 4.000 metros cuadrados que incluye un ala de oficinas de 400 metros cuadrados que se extiende en dos plantas. As\u00ed, hay espacio suficiente para ampliar sucesivamente, en funci\u00f3n de las necesidades del mercado, nuestra plantilla actual de 60 empleados (a partir de marzo de 2021) hasta 150 empleados.  <\/p>\n<p>[\/et_pb_accordion_item][\/et_pb_accordion][\/et_pb_column][\/et_pb_row][\/et_pb_section]<\/p>\n","protected":false},"excerpt":{"rendered":"<p>Nuestras Localizaciones Aqu\u00ed se encuentra la sede principal de nuestro grupo de empresas. Aqu\u00ed se encuentran la direcci\u00f3n, las ventas, la gesti\u00f3n de productos, la planificaci\u00f3n de la producci\u00f3n, la contabilidad y el servicio. Producimos en K\u00f3ph\u00e1za, cerca de Sopron (Hungr\u00eda), desde 1993. Antes de la ca\u00edda del comunismo, Sopron era el mayor lugar de [&hellip;]<\/p>\n","protected":false},"author":1,"featured_media":0,"parent":242475,"menu_order":30,"comment_status":"closed","ping_status":"closed","template":"","meta":{"_et_pb_use_builder":"on","_et_pb_old_content":"","_et_gb_content_width":"","footnotes":""},"class_list":["post-242484","page","type-page","status-publish","hentry"],"_links":{"self":[{"href":"https:\/\/www.autolift.info\/es\/wp-json\/wp\/v2\/pages\/242484","targetHints":{"allow":["GET"]}}],"collection":[{"href":"https:\/\/www.autolift.info\/es\/wp-json\/wp\/v2\/pages"}],"about":[{"href":"https:\/\/www.autolift.info\/es\/wp-json\/wp\/v2\/types\/page"}],"author":[{"embeddable":true,"href":"https:\/\/www.autolift.info\/es\/wp-json\/wp\/v2\/users\/1"}],"replies":[{"embeddable":true,"href":"https:\/\/www.autolift.info\/es\/wp-json\/wp\/v2\/comments?post=242484"}],"version-history":[{"count":16,"href":"https:\/\/www.autolift.info\/es\/wp-json\/wp\/v2\/pages\/242484\/revisions"}],"predecessor-version":[{"id":243300,"href":"https:\/\/www.autolift.info\/es\/wp-json\/wp\/v2\/pages\/242484\/revisions\/243300"}],"up":[{"embeddable":true,"href":"https:\/\/www.autolift.info\/es\/wp-json\/wp\/v2\/pages\/242475"}],"wp:attachment":[{"href":"https:\/\/www.autolift.info\/es\/wp-json\/wp\/v2\/media?parent=242484"}],"curies":[{"name":"wp","href":"https:\/\/api.w.org\/{rel}","templated":true}]}}